{"id":344806,"date":"2015-08-04T15:21:03","date_gmt":"2015-08-04T15:21:03","guid":{"rendered":"http:\/\/demo.elated-themes.com\/moose1\/?page_id=344806"},"modified":"2020-03-24T15:36:08","modified_gmt":"2020-03-24T15:36:08","slug":"stiri","status":"publish","type":"page","link":"https:\/\/orkla.ro\/en\/stiri\/","title":{"rendered":"News"},"content":{"rendered":"<div class=\"wpb-content-wrapper\"><div      class=\"vc_row wpb_row section grid_section\" style=' padding-top:61px; padding-bottom:70px; text-align:center;'><div class=\"section_inner clearfix\"><div class='section_inner_margin clearfix'><div class=\"wpb_column vc_column_container vc_col-sm-12\"><div class=\"vc_column-inner\"><div class=\"wpb_wrapper\">\n\t<div class=\"wpb_text_column wpb_content_element\">\n\t\t<div class=\"wpb_wrapper\">\n\t\t\t<h2><strong>Read<\/strong><\/h2>\n\n\t\t<\/div> \n\t<\/div> <div class=\"separator  transparent\" style=\"margin-top:14px;margin-bottom:0px\"><\/div>\n\n\t<div class=\"wpb_text_column wpb_content_element\">\n\t\t<div class=\"wpb_wrapper\">\n\t\t\t<h4>Latest news from Orkla<\/h4>\n\n\t\t<\/div> \n\t<\/div> <\/div><\/div><\/div><\/div><\/div><\/div><div      class=\"vc_row wpb_row section grid_section\" style=' padding-bottom:55px; text-align:left;'><div class=\"section_inner clearfix\"><div class='section_inner_margin clearfix'><div class=\"wpb_column vc_column_container vc_col-sm-12\"><div class=\"vc_column-inner\"><div class=\"wpb_wrapper\"><div class=\"latest_post_holder  boxes two_columns\"><ul class='post_list'><li class=\"clearfix\" ><div class=\"box_padding_border\"><div class=\"boxes_image\"><a href=\"https:\/\/orkla.ro\/en\/2024\/06\/20\/2-premii-din-2-nominalizari-la-effie-awards-2024\/\"><img loading=\"lazy\" decoding=\"async\" width=\"1600\" height=\"1600\" src=\"https:\/\/orkla.ro\/wp-content\/uploads\/2024\/06\/Finaliste-copy.jpg\" class=\"attachment-full size-full wp-post-image\" alt=\"\" srcset=\"https:\/\/orkla.ro\/wp-content\/uploads\/2024\/06\/Finaliste-copy.jpg 1600w, https:\/\/orkla.ro\/wp-content\/uploads\/2024\/06\/Finaliste-copy-300x300.jpg 300w, https:\/\/orkla.ro\/wp-content\/uploads\/2024\/06\/Finaliste-copy-1024x1024.jpg 1024w, https:\/\/orkla.ro\/wp-content\/uploads\/2024\/06\/Finaliste-copy-150x150.jpg 150w, https:\/\/orkla.ro\/wp-content\/uploads\/2024\/06\/Finaliste-copy-768x768.jpg 768w, https:\/\/orkla.ro\/wp-content\/uploads\/2024\/06\/Finaliste-copy-1536x1536.jpg 1536w, https:\/\/orkla.ro\/wp-content\/uploads\/2024\/06\/Finaliste-copy-12x12.jpg 12w, https:\/\/orkla.ro\/wp-content\/uploads\/2024\/06\/Finaliste-copy-550x550.jpg 550w, https:\/\/orkla.ro\/wp-content\/uploads\/2024\/06\/Finaliste-copy-1000x1000.jpg 1000w, https:\/\/orkla.ro\/wp-content\/uploads\/2024\/06\/Finaliste-copy-700x700.jpg 700w\" sizes=\"auto, (max-width: 1600px) 100vw, 1600px\" \/><div class=\"boxes_shader\"><\/div><\/a><div class=\"boxes_corner_info\"><div class=\"latest_post_date_corner_holder\"><span class=\"date_day\">20<\/span><span class=\"date_month_year\">Jun 2024<\/span><\/div><div class=\"latest_post_comments_corner\"> <a class=\"post_comments\" href=\"https:\/\/orkla.ro\/en\/2024\/06\/20\/2-premii-din-2-nominalizari-la-effie-awards-2024\/#respond\"><span class=\"comments_no\">0<\/span><span class=\"icon-bubbles comment_icon\"><\/span><\/a><\/div><\/div><\/div><div class=\"latest_post\" ><div class=\"latest_post_text\"><div class=\"latest_post_title_holder\"><h5 class=\"latest_post_title\" ><a href=\"https:\/\/orkla.ro\/en\/2024\/06\/20\/2-premii-din-2-nominalizari-la-effie-awards-2024\/\" style = \"\">2 awards out of 2 nominations at the Effie Awards 2024.<\/a><\/h5><\/div><p class=\"excerpt\" >Orkla Foods Romania a ob\u021binut 2 premii din 2 nominaliz\u0103ri la Effie Awards 2024....<\/p><div class=\"post_info_section\" ><div class=\"latest_post_author\"><a class=\"post_author_link\" href=\"https:\/\/orkla.ro\/en\/author\/orkadmin\/\"><span class = \"author_icon icon-user\" ><\/span><span  >Orkla Foods Romania<\/span><\/a><\/div><div class=\"latest_post_categories\"> <span class = \"category_icon icon-tag\" ><\/span><a  href=\"https:\/\/orkla.ro\/en\/category\/stiri\/\">News <\/a> <\/div><div class=\"blog_list_social\"><\/div><\/div><\/div><\/div><\/div><\/li><li class=\"clearfix\" ><div class=\"box_padding_border\"><div class=\"boxes_image\"><a href=\"https:\/\/orkla.ro\/en\/2023\/11\/29\/2x-silver-pentru-fainosag-app-la-internetics\/\"><img loading=\"lazy\" decoding=\"async\" width=\"1080\" height=\"1349\" src=\"https:\/\/orkla.ro\/wp-content\/uploads\/2023\/11\/Fainosag-App-2-Premii-Internetics-2023.jpg\" class=\"attachment-full size-full wp-post-image\" alt=\"\" srcset=\"https:\/\/orkla.ro\/wp-content\/uploads\/2023\/11\/Fainosag-App-2-Premii-Internetics-2023.jpg 1080w, https:\/\/orkla.ro\/wp-content\/uploads\/2023\/11\/Fainosag-App-2-Premii-Internetics-2023-240x300.jpg 240w, https:\/\/orkla.ro\/wp-content\/uploads\/2023\/11\/Fainosag-App-2-Premii-Internetics-2023-820x1024.jpg 820w, https:\/\/orkla.ro\/wp-content\/uploads\/2023\/11\/Fainosag-App-2-Premii-Internetics-2023-768x959.jpg 768w, https:\/\/orkla.ro\/wp-content\/uploads\/2023\/11\/Fainosag-App-2-Premii-Internetics-2023-10x12.jpg 10w, https:\/\/orkla.ro\/wp-content\/uploads\/2023\/11\/Fainosag-App-2-Premii-Internetics-2023-700x874.jpg 700w\" sizes=\"auto, (max-width: 1080px) 100vw, 1080px\" \/><div class=\"boxes_shader\"><\/div><\/a><div class=\"boxes_corner_info\"><div class=\"latest_post_date_corner_holder\"><span class=\"date_day\">29<\/span><span class=\"date_month_year\">Nov 2023<\/span><\/div><div class=\"latest_post_comments_corner\"> <a class=\"post_comments\" href=\"https:\/\/orkla.ro\/en\/2023\/11\/29\/2x-silver-pentru-fainosag-app-la-internetics\/#respond\"><span class=\"comments_no\">0<\/span><span class=\"icon-bubbles comment_icon\"><\/span><\/a><\/div><\/div><\/div><div class=\"latest_post\" ><div class=\"latest_post_text\"><div class=\"latest_post_title_holder\"><h5 class=\"latest_post_title\" ><a href=\"https:\/\/orkla.ro\/en\/2023\/11\/29\/2x-silver-pentru-fainosag-app-la-internetics\/\" style = \"\">2x Silver for Fainosag App at Internetics<\/a><\/h5><\/div><p class=\"excerpt\" >Fainosag App, prima aplicatie de mindfulness din Ardeal, a cucerit doua premii la Gala Internetics, editia 23....<\/p><div class=\"post_info_section\" ><div class=\"latest_post_author\"><a class=\"post_author_link\" href=\"https:\/\/orkla.ro\/en\/author\/orkadmin\/\"><span class = \"author_icon icon-user\" ><\/span><span  >Orkla Foods Romania<\/span><\/a><\/div><div class=\"latest_post_categories\"> <span class = \"category_icon icon-tag\" ><\/span><a  href=\"https:\/\/orkla.ro\/en\/category\/stiri\/\">News <\/a> <\/div><div class=\"blog_list_social\"><\/div><\/div><\/div><\/div><\/div><\/li><li class=\"clearfix\" ><div class=\"box_padding_border\"><div class=\"boxes_image\"><a href=\"https:\/\/orkla.ro\/en\/2023\/03\/01\/tomi-123-pe-lista-castigatorilor-la-cresta-awards-2\/\"><img loading=\"lazy\" decoding=\"async\" width=\"1080\" height=\"1350\" src=\"https:\/\/orkla.ro\/wp-content\/uploads\/2023\/03\/Tomi-Best200-LA.jpg\" class=\"attachment-full size-full wp-post-image\" alt=\"\" srcset=\"https:\/\/orkla.ro\/wp-content\/uploads\/2023\/03\/Tomi-Best200-LA.jpg 1080w, https:\/\/orkla.ro\/wp-content\/uploads\/2023\/03\/Tomi-Best200-LA-240x300.jpg 240w, https:\/\/orkla.ro\/wp-content\/uploads\/2023\/03\/Tomi-Best200-LA-819x1024.jpg 819w, https:\/\/orkla.ro\/wp-content\/uploads\/2023\/03\/Tomi-Best200-LA-768x960.jpg 768w, https:\/\/orkla.ro\/wp-content\/uploads\/2023\/03\/Tomi-Best200-LA-10x12.jpg 10w, https:\/\/orkla.ro\/wp-content\/uploads\/2023\/03\/Tomi-Best200-LA-700x875.jpg 700w\" sizes=\"auto, (max-width: 1080px) 100vw, 1080px\" \/><div class=\"boxes_shader\"><\/div><\/a><div class=\"boxes_corner_info\"><div class=\"latest_post_date_corner_holder\"><span class=\"date_day\">01<\/span><span class=\"date_month_year\">Mar 2023<\/span><\/div><div class=\"latest_post_comments_corner\"> <a class=\"post_comments\" href=\"https:\/\/orkla.ro\/en\/2023\/03\/01\/tomi-123-pe-lista-castigatorilor-la-cresta-awards-2\/#respond\"><span class=\"comments_no\">0<\/span><span class=\"icon-bubbles comment_icon\"><\/span><\/a><\/div><\/div><\/div><div class=\"latest_post\" ><div class=\"latest_post_text\"><div class=\"latest_post_title_holder\"><h5 class=\"latest_post_title\" ><a href=\"https:\/\/orkla.ro\/en\/2023\/03\/01\/tomi-123-pe-lista-castigatorilor-la-cresta-awards-2\/\" style = \"\">TOMI in BEST 200 \u2013 Digital Artists WorldWide\u00a0\u2013\u00a0L\u00fcrzer&#8217;s Archive\u00a02023.<\/a><\/h5><\/div><p class=\"excerpt\" >TOMI, brandul nostru de ketchup\u00a0a fost selectat\u00a0in BEST 200 \u2013 Digital Artists WorldWide\u00a0\u2013\u00a0L\u00fcrzer&#8217;s Archive\u00a02023....<\/p><div class=\"post_info_section\" ><div class=\"latest_post_author\"><a class=\"post_author_link\" href=\"https:\/\/orkla.ro\/en\/author\/orkadmin\/\"><span class = \"author_icon icon-user\" ><\/span><span  >Orkla Foods Romania<\/span><\/a><\/div><div class=\"latest_post_categories\"> <span class = \"category_icon icon-tag\" ><\/span><a  href=\"https:\/\/orkla.ro\/en\/category\/stiri\/\">News <\/a> <\/div><div class=\"blog_list_social\"><\/div><\/div><\/div><\/div><\/div><\/li><li class=\"clearfix\" ><div class=\"box_padding_border\"><div class=\"boxes_image\"><a href=\"https:\/\/orkla.ro\/en\/2022\/07\/07\/campania-ardealul-mandre-cu-fainosag-a-fost-premiata-la-festivalul-effie-awards\/\"><img loading=\"lazy\" decoding=\"async\" width=\"1600\" height=\"1736\" src=\"https:\/\/orkla.ro\/wp-content\/uploads\/2022\/07\/Effie-mandre-cu-Fainosag.jpg\" class=\"attachment-full size-full wp-post-image\" alt=\"\" srcset=\"https:\/\/orkla.ro\/wp-content\/uploads\/2022\/07\/Effie-mandre-cu-Fainosag.jpg 1600w, https:\/\/orkla.ro\/wp-content\/uploads\/2022\/07\/Effie-mandre-cu-Fainosag-276x300.jpg 276w, https:\/\/orkla.ro\/wp-content\/uploads\/2022\/07\/Effie-mandre-cu-Fainosag-944x1024.jpg 944w, https:\/\/orkla.ro\/wp-content\/uploads\/2022\/07\/Effie-mandre-cu-Fainosag-768x833.jpg 768w, https:\/\/orkla.ro\/wp-content\/uploads\/2022\/07\/Effie-mandre-cu-Fainosag-1416x1536.jpg 1416w, https:\/\/orkla.ro\/wp-content\/uploads\/2022\/07\/Effie-mandre-cu-Fainosag-11x12.jpg 11w, https:\/\/orkla.ro\/wp-content\/uploads\/2022\/07\/Effie-mandre-cu-Fainosag-700x760.jpg 700w\" sizes=\"auto, (max-width: 1600px) 100vw, 1600px\" \/><div class=\"boxes_shader\"><\/div><\/a><div class=\"boxes_corner_info\"><div class=\"latest_post_date_corner_holder\"><span class=\"date_day\">07<\/span><span class=\"date_month_year\">Jul 2022<\/span><\/div><div class=\"latest_post_comments_corner\"> <a class=\"post_comments\" href=\"https:\/\/orkla.ro\/en\/2022\/07\/07\/campania-ardealul-mandre-cu-fainosag-a-fost-premiata-la-festivalul-effie-awards\/#respond\"><span class=\"comments_no\">0<\/span><span class=\"icon-bubbles comment_icon\"><\/span><\/a><\/div><\/div><\/div><div class=\"latest_post\" ><div class=\"latest_post_text\"><div class=\"latest_post_title_holder\"><h5 class=\"latest_post_title\" ><a href=\"https:\/\/orkla.ro\/en\/2022\/07\/07\/campania-ardealul-mandre-cu-fainosag-a-fost-premiata-la-festivalul-effie-awards\/\" style = \"\">The ARDEALUL - \"Women with Fainosag\" campaign was awarded at EFFIE AWARDS, the most prestigious event in the industry, in Romania<\/a><\/h5><\/div><p class=\"excerpt\" >Campania ARDEALUL \u2013 \u201eM\u00e2ndre cu Faino\u0219ag\u201d a fost premiat\u0103 la Festivalul EFFIE AWARDS, cel mai prestigios eveniment din Rom\u00e2nia. Effie Awards premiaz\u0103 excelen\u021ba \u0219i eficien\u021ba \u00een marketing \u0219...<\/p><div class=\"post_info_section\" ><div class=\"latest_post_author\"><a class=\"post_author_link\" href=\"https:\/\/orkla.ro\/en\/author\/orkadmin\/\"><span class = \"author_icon icon-user\" ><\/span><span  >Orkla Foods Romania<\/span><\/a><\/div><div class=\"latest_post_categories\"> <span class = \"category_icon icon-tag\" ><\/span><a  href=\"https:\/\/orkla.ro\/en\/category\/stiri\/\">News <\/a> <\/div><div class=\"blog_list_social\"><\/div><\/div><\/div><\/div><\/div><\/li><li class=\"clearfix\" ><div class=\"box_padding_border\"><div class=\"boxes_image\"><a href=\"https:\/\/orkla.ro\/en\/2021\/10\/06\/tomi-123-pe-lista-castigatorilor-la-cresta-awards\/\"><img loading=\"lazy\" decoding=\"async\" width=\"1080\" height=\"1350\" src=\"https:\/\/orkla.ro\/wp-content\/uploads\/2021\/10\/Tomi-Cresta-Bronze-1.jpg\" class=\"attachment-full size-full wp-post-image\" alt=\"\" srcset=\"https:\/\/orkla.ro\/wp-content\/uploads\/2021\/10\/Tomi-Cresta-Bronze-1.jpg 1080w, https:\/\/orkla.ro\/wp-content\/uploads\/2021\/10\/Tomi-Cresta-Bronze-1-240x300.jpg 240w, https:\/\/orkla.ro\/wp-content\/uploads\/2021\/10\/Tomi-Cresta-Bronze-1-819x1024.jpg 819w, https:\/\/orkla.ro\/wp-content\/uploads\/2021\/10\/Tomi-Cresta-Bronze-1-768x960.jpg 768w, https:\/\/orkla.ro\/wp-content\/uploads\/2021\/10\/Tomi-Cresta-Bronze-1-10x12.jpg 10w, https:\/\/orkla.ro\/wp-content\/uploads\/2021\/10\/Tomi-Cresta-Bronze-1-700x875.jpg 700w\" sizes=\"auto, (max-width: 1080px) 100vw, 1080px\" \/><div class=\"boxes_shader\"><\/div><\/a><div class=\"boxes_corner_info\"><div class=\"latest_post_date_corner_holder\"><span class=\"date_day\">06<\/span><span class=\"date_month_year\">Oct 2021<\/span><\/div><div class=\"latest_post_comments_corner\"> <a class=\"post_comments\" href=\"https:\/\/orkla.ro\/en\/2021\/10\/06\/tomi-123-pe-lista-castigatorilor-la-cresta-awards\/#respond\"><span class=\"comments_no\">0<\/span><span class=\"icon-bubbles comment_icon\"><\/span><\/a><\/div><\/div><\/div><div class=\"latest_post\" ><div class=\"latest_post_text\"><div class=\"latest_post_title_holder\"><h5 class=\"latest_post_title\" ><a href=\"https:\/\/orkla.ro\/en\/2021\/10\/06\/tomi-123-pe-lista-castigatorilor-la-cresta-awards\/\" style = \"\">Tomi 1|2|3 Fantasty  on the list of winners at Cresta Awards<\/a><\/h5><\/div><p class=\"excerpt\" >Vestile bune au devenit si mai bune. Campania Tomi 1|2|3 a castigat Bronze- Print Craft \u2013 Outstandig Art Direction la Cresta Awards. De altfel, a fost singurul premiu acordat in categorie, ceea ce il ...<\/p><div class=\"post_info_section\" ><div class=\"latest_post_author\"><a class=\"post_author_link\" href=\"https:\/\/orkla.ro\/en\/author\/orkadmin\/\"><span class = \"author_icon icon-user\" ><\/span><span  >Orkla Foods Romania<\/span><\/a><\/div><div class=\"latest_post_categories\"> <span class = \"category_icon icon-tag\" ><\/span><a  href=\"https:\/\/orkla.ro\/en\/category\/stiri\/\">News <\/a> <\/div><div class=\"blog_list_social\"><\/div><\/div><\/div><\/div><\/div><\/li><li class=\"clearfix\" ><div class=\"box_padding_border\"><div class=\"boxes_image\"><a href=\"https:\/\/orkla.ro\/en\/2021\/10\/01\/vrei-sa-ficat\/\"><img loading=\"lazy\" decoding=\"async\" width=\"900\" height=\"900\" src=\"https:\/\/orkla.ro\/wp-content\/uploads\/2021\/10\/AntrefrigA-Retro-postare_-ambalaje-spot-copy.jpg\" class=\"attachment-full size-full wp-post-image\" alt=\"\" srcset=\"https:\/\/orkla.ro\/wp-content\/uploads\/2021\/10\/AntrefrigA-Retro-postare_-ambalaje-spot-copy.jpg 900w, https:\/\/orkla.ro\/wp-content\/uploads\/2021\/10\/AntrefrigA-Retro-postare_-ambalaje-spot-copy-300x300.jpg 300w, https:\/\/orkla.ro\/wp-content\/uploads\/2021\/10\/AntrefrigA-Retro-postare_-ambalaje-spot-copy-150x150.jpg 150w, https:\/\/orkla.ro\/wp-content\/uploads\/2021\/10\/AntrefrigA-Retro-postare_-ambalaje-spot-copy-768x768.jpg 768w, https:\/\/orkla.ro\/wp-content\/uploads\/2021\/10\/AntrefrigA-Retro-postare_-ambalaje-spot-copy-12x12.jpg 12w, https:\/\/orkla.ro\/wp-content\/uploads\/2021\/10\/AntrefrigA-Retro-postare_-ambalaje-spot-copy-550x550.jpg 550w, https:\/\/orkla.ro\/wp-content\/uploads\/2021\/10\/AntrefrigA-Retro-postare_-ambalaje-spot-copy-700x700.jpg 700w\" sizes=\"auto, (max-width: 900px) 100vw, 900px\" \/><div class=\"boxes_shader\"><\/div><\/a><div class=\"boxes_corner_info\"><div class=\"latest_post_date_corner_holder\"><span class=\"date_day\">01<\/span><span class=\"date_month_year\">Oct 2021<\/span><\/div><div class=\"latest_post_comments_corner\"> <a class=\"post_comments\" href=\"https:\/\/orkla.ro\/en\/2021\/10\/01\/vrei-sa-ficat\/#respond\"><span class=\"comments_no\">0<\/span><span class=\"icon-bubbles comment_icon\"><\/span><\/a><\/div><\/div><\/div><div class=\"latest_post\" ><div class=\"latest_post_text\"><div class=\"latest_post_title_holder\"><h5 class=\"latest_post_title\" ><a href=\"https:\/\/orkla.ro\/en\/2021\/10\/01\/vrei-sa-ficat\/\" style = \"\">Want to\u2026. Liver?<\/a><\/h5><\/div><p class=\"excerpt\" >Porcul albastru nu mai este singur\u00a0. A aparut in viata lui\u00a0AntrefrigA, cu o reteta in\u00a0Stil RETRO....<\/p><div class=\"post_info_section\" ><div class=\"latest_post_author\"><a class=\"post_author_link\" href=\"https:\/\/orkla.ro\/en\/author\/orkadmin\/\"><span class = \"author_icon icon-user\" ><\/span><span  >Orkla Foods Romania<\/span><\/a><\/div><div class=\"latest_post_categories\"> <span class = \"category_icon icon-tag\" ><\/span><a  href=\"https:\/\/orkla.ro\/en\/category\/stiri\/\">News <\/a> <\/div><div class=\"blog_list_social\"><\/div><\/div><\/div><\/div><\/div><\/li><li class=\"clearfix\" ><div class=\"box_padding_border\"><div class=\"boxes_image\"><a href=\"https:\/\/orkla.ro\/en\/2021\/09\/28\/tomi-cresta-awards\/\"><img loading=\"lazy\" decoding=\"async\" width=\"1600\" height=\"1600\" src=\"https:\/\/orkla.ro\/wp-content\/uploads\/2021\/09\/Tomi-1_2_3.jpg\" class=\"attachment-full size-full wp-post-image\" alt=\"\" srcset=\"https:\/\/orkla.ro\/wp-content\/uploads\/2021\/09\/Tomi-1_2_3.jpg 1600w, https:\/\/orkla.ro\/wp-content\/uploads\/2021\/09\/Tomi-1_2_3-300x300.jpg 300w, https:\/\/orkla.ro\/wp-content\/uploads\/2021\/09\/Tomi-1_2_3-1024x1024.jpg 1024w, https:\/\/orkla.ro\/wp-content\/uploads\/2021\/09\/Tomi-1_2_3-150x150.jpg 150w, https:\/\/orkla.ro\/wp-content\/uploads\/2021\/09\/Tomi-1_2_3-768x768.jpg 768w, https:\/\/orkla.ro\/wp-content\/uploads\/2021\/09\/Tomi-1_2_3-1536x1536.jpg 1536w, https:\/\/orkla.ro\/wp-content\/uploads\/2021\/09\/Tomi-1_2_3-12x12.jpg 12w, https:\/\/orkla.ro\/wp-content\/uploads\/2021\/09\/Tomi-1_2_3-550x550.jpg 550w, https:\/\/orkla.ro\/wp-content\/uploads\/2021\/09\/Tomi-1_2_3-1000x1000.jpg 1000w, https:\/\/orkla.ro\/wp-content\/uploads\/2021\/09\/Tomi-1_2_3-700x700.jpg 700w\" sizes=\"auto, (max-width: 1600px) 100vw, 1600px\" \/><div class=\"boxes_shader\"><\/div><\/a><div class=\"boxes_corner_info\"><div class=\"latest_post_date_corner_holder\"><span class=\"date_day\">28<\/span><span class=\"date_month_year\">Sep 2021<\/span><\/div><div class=\"latest_post_comments_corner\"> <a class=\"post_comments\" href=\"https:\/\/orkla.ro\/en\/2021\/09\/28\/tomi-cresta-awards\/#respond\"><span class=\"comments_no\">0<\/span><span class=\"icon-bubbles comment_icon\"><\/span><\/a><\/div><\/div><\/div><div class=\"latest_post\" ><div class=\"latest_post_text\"><div class=\"latest_post_title_holder\"><h5 class=\"latest_post_title\" ><a href=\"https:\/\/orkla.ro\/en\/2021\/09\/28\/tomi-cresta-awards\/\" style = \"\">Tomi 1|2|3 - Cresta Awards Shortlist<\/a><\/h5><\/div><p class=\"excerpt\" >Cand mixezi creativitatea cu sosurile potrivite iese ceva cu gust. Asa s-a intamplat si cu noua campanie Tomi 1|2|3,\u00a0 unde colaborarea dintre Orkla Foods Romania si Carioca Studio a adus publicului un ...<\/p><div class=\"post_info_section\" ><div class=\"latest_post_author\"><a class=\"post_author_link\" href=\"https:\/\/orkla.ro\/en\/author\/orkadmin\/\"><span class = \"author_icon icon-user\" ><\/span><span  >Orkla Foods Romania<\/span><\/a><\/div><div class=\"latest_post_categories\"> <span class = \"category_icon icon-tag\" ><\/span><a  href=\"https:\/\/orkla.ro\/en\/category\/stiri\/\">News <\/a> <\/div><div class=\"blog_list_social\"><\/div><\/div><\/div><\/div><\/div><\/li><li class=\"clearfix\" ><div class=\"box_padding_border\"><div class=\"boxes_image\"><a href=\"https:\/\/orkla.ro\/en\/2021\/07\/15\/retete-noi-de-la-alina-si-floarea-mandre-cu-fainosag\/\"><img loading=\"lazy\" decoding=\"async\" width=\"1600\" height=\"1600\" src=\"https:\/\/orkla.ro\/wp-content\/uploads\/2021\/07\/Ardealul-Mandre-cu-Fainosag.jpg\" class=\"attachment-full size-full wp-post-image\" alt=\"\" srcset=\"https:\/\/orkla.ro\/wp-content\/uploads\/2021\/07\/Ardealul-Mandre-cu-Fainosag.jpg 1600w, https:\/\/orkla.ro\/wp-content\/uploads\/2021\/07\/Ardealul-Mandre-cu-Fainosag-300x300.jpg 300w, https:\/\/orkla.ro\/wp-content\/uploads\/2021\/07\/Ardealul-Mandre-cu-Fainosag-1024x1024.jpg 1024w, https:\/\/orkla.ro\/wp-content\/uploads\/2021\/07\/Ardealul-Mandre-cu-Fainosag-150x150.jpg 150w, https:\/\/orkla.ro\/wp-content\/uploads\/2021\/07\/Ardealul-Mandre-cu-Fainosag-768x768.jpg 768w, https:\/\/orkla.ro\/wp-content\/uploads\/2021\/07\/Ardealul-Mandre-cu-Fainosag-1536x1536.jpg 1536w, https:\/\/orkla.ro\/wp-content\/uploads\/2021\/07\/Ardealul-Mandre-cu-Fainosag-12x12.jpg 12w, https:\/\/orkla.ro\/wp-content\/uploads\/2021\/07\/Ardealul-Mandre-cu-Fainosag-550x550.jpg 550w, https:\/\/orkla.ro\/wp-content\/uploads\/2021\/07\/Ardealul-Mandre-cu-Fainosag-1000x1000.jpg 1000w, https:\/\/orkla.ro\/wp-content\/uploads\/2021\/07\/Ardealul-Mandre-cu-Fainosag-700x700.jpg 700w\" sizes=\"auto, (max-width: 1600px) 100vw, 1600px\" \/><div class=\"boxes_shader\"><\/div><\/a><div class=\"boxes_corner_info\"><div class=\"latest_post_date_corner_holder\"><span class=\"date_day\">15<\/span><span class=\"date_month_year\">Jul 2021<\/span><\/div><div class=\"latest_post_comments_corner\"> <a class=\"post_comments\" href=\"https:\/\/orkla.ro\/en\/2021\/07\/15\/retete-noi-de-la-alina-si-floarea-mandre-cu-fainosag\/#respond\"><span class=\"comments_no\">0<\/span><span class=\"icon-bubbles comment_icon\"><\/span><\/a><\/div><\/div><\/div><div class=\"latest_post\" ><div class=\"latest_post_text\"><div class=\"latest_post_title_holder\"><h5 class=\"latest_post_title\" ><a href=\"https:\/\/orkla.ro\/en\/2021\/07\/15\/retete-noi-de-la-alina-si-floarea-mandre-cu-fainosag\/\" style = \"\">New recipes from Alina and Floarea, with Fainosag.<\/a><\/h5><\/div><p class=\"excerpt\" >Stim cu totii ca in spatele oricarui barbat puternic e o femeie care il impinge de la spate sa faca treaba....<\/p><div class=\"post_info_section\" ><div class=\"latest_post_author\"><a class=\"post_author_link\" href=\"https:\/\/orkla.ro\/en\/author\/orkadmin\/\"><span class = \"author_icon icon-user\" ><\/span><span  >Orkla Foods Romania<\/span><\/a><\/div><div class=\"latest_post_categories\"> <span class = \"category_icon icon-tag\" ><\/span><a  href=\"https:\/\/orkla.ro\/en\/category\/stiri\/\">News <\/a> <\/div><div class=\"blog_list_social\"><\/div><\/div><\/div><\/div><\/div><\/li><li class=\"clearfix\" ><div class=\"box_padding_border\"><div class=\"boxes_image\"><a href=\"https:\/\/orkla.ro\/en\/2021\/06\/14\/effie-cu-fainosag-ardealul-ion-vs-ionut-nominalizata-intre-cele-mai-bune-campanii\/\"><img loading=\"lazy\" decoding=\"async\" width=\"1200\" height=\"1600\" src=\"https:\/\/orkla.ro\/wp-content\/uploads\/2021\/06\/Silver-Effie.jpg\" class=\"attachment-full size-full wp-post-image\" alt=\"\" srcset=\"https:\/\/orkla.ro\/wp-content\/uploads\/2021\/06\/Silver-Effie.jpg 1200w, https:\/\/orkla.ro\/wp-content\/uploads\/2021\/06\/Silver-Effie-225x300.jpg 225w, https:\/\/orkla.ro\/wp-content\/uploads\/2021\/06\/Silver-Effie-768x1024.jpg 768w, https:\/\/orkla.ro\/wp-content\/uploads\/2021\/06\/Silver-Effie-1152x1536.jpg 1152w, https:\/\/orkla.ro\/wp-content\/uploads\/2021\/06\/Silver-Effie-9x12.jpg 9w, https:\/\/orkla.ro\/wp-content\/uploads\/2021\/06\/Silver-Effie-600x800.jpg 600w, https:\/\/orkla.ro\/wp-content\/uploads\/2021\/06\/Silver-Effie-700x933.jpg 700w\" sizes=\"auto, (max-width: 1200px) 100vw, 1200px\" \/><div class=\"boxes_shader\"><\/div><\/a><div class=\"boxes_corner_info\"><div class=\"latest_post_date_corner_holder\"><span class=\"date_day\">14<\/span><span class=\"date_month_year\">Jun 2021<\/span><\/div><div class=\"latest_post_comments_corner\"> <a class=\"post_comments\" href=\"https:\/\/orkla.ro\/en\/2021\/06\/14\/effie-cu-fainosag-ardealul-ion-vs-ionut-nominalizata-intre-cele-mai-bune-campanii\/#respond\"><span class=\"comments_no\">0<\/span><span class=\"icon-bubbles comment_icon\"><\/span><\/a><\/div><\/div><\/div><div class=\"latest_post\" ><div class=\"latest_post_text\"><div class=\"latest_post_title_holder\"><h5 class=\"latest_post_title\" ><a href=\"https:\/\/orkla.ro\/en\/2021\/06\/14\/effie-cu-fainosag-ardealul-ion-vs-ionut-nominalizata-intre-cele-mai-bune-campanii\/\" style = \"\">EFFIE with FAINOSAG. ARDEALUL \u2013 Ion Vs. Ionut<\/a><\/h5><\/div><p class=\"excerpt\" >Cel mai important eveniment din industria de marketing si publicitate din Romania,\u00a0Effie Awards\u00a0a oferit\u00a0campaniei\u00a0Ardealul \u2013 Ion\u00a0vs\u00a0Ionut\u00a0premiul Silver Effie,\u00a0singurul premiu din categoria P...<\/p><div class=\"post_info_section\" ><div class=\"latest_post_author\"><a class=\"post_author_link\" href=\"https:\/\/orkla.ro\/en\/author\/orkadmin\/\"><span class = \"author_icon icon-user\" ><\/span><span  >Orkla Foods Romania<\/span><\/a><\/div><div class=\"latest_post_categories\"> <span class = \"category_icon icon-tag\" ><\/span><a  href=\"https:\/\/orkla.ro\/en\/category\/stiri\/\">News <\/a> <\/div><div class=\"blog_list_social\"><\/div><\/div><\/div><\/div><\/div><\/li><li class=\"clearfix\" ><div class=\"box_padding_border\"><div class=\"boxes_image\"><a href=\"https:\/\/orkla.ro\/en\/2021\/06\/09\/naturli-la-vegfest-iasi\/\"><img loading=\"lazy\" decoding=\"async\" width=\"900\" height=\"900\" src=\"https:\/\/orkla.ro\/wp-content\/uploads\/2021\/06\/Naturli-VegFest-2021.jpg\" class=\"attachment-full size-full wp-post-image\" alt=\"\" srcset=\"https:\/\/orkla.ro\/wp-content\/uploads\/2021\/06\/Naturli-VegFest-2021.jpg 900w, https:\/\/orkla.ro\/wp-content\/uploads\/2021\/06\/Naturli-VegFest-2021-300x300.jpg 300w, https:\/\/orkla.ro\/wp-content\/uploads\/2021\/06\/Naturli-VegFest-2021-150x150.jpg 150w, https:\/\/orkla.ro\/wp-content\/uploads\/2021\/06\/Naturli-VegFest-2021-768x768.jpg 768w, https:\/\/orkla.ro\/wp-content\/uploads\/2021\/06\/Naturli-VegFest-2021-12x12.jpg 12w, https:\/\/orkla.ro\/wp-content\/uploads\/2021\/06\/Naturli-VegFest-2021-550x550.jpg 550w, https:\/\/orkla.ro\/wp-content\/uploads\/2021\/06\/Naturli-VegFest-2021-700x700.jpg 700w\" sizes=\"auto, (max-width: 900px) 100vw, 900px\" \/><div class=\"boxes_shader\"><\/div><\/a><div class=\"boxes_corner_info\"><div class=\"latest_post_date_corner_holder\"><span class=\"date_day\">09<\/span><span class=\"date_month_year\">Jun 2021<\/span><\/div><div class=\"latest_post_comments_corner\"> <a class=\"post_comments\" href=\"https:\/\/orkla.ro\/en\/2021\/06\/09\/naturli-la-vegfest-iasi\/#respond\"><span class=\"comments_no\">0<\/span><span class=\"icon-bubbles comment_icon\"><\/span><\/a><\/div><\/div><\/div><div class=\"latest_post\" ><div class=\"latest_post_text\"><div class=\"latest_post_title_holder\"><h5 class=\"latest_post_title\" ><a href=\"https:\/\/orkla.ro\/en\/2021\/06\/09\/naturli-la-vegfest-iasi\/\" style = \"\">Naturli - at VegFest Iasi<\/a><\/h5><\/div><p class=\"excerpt\" >Anul acesta am inceput sezonul evenimentelor in aer liber la Iasi....<\/p><div class=\"post_info_section\" ><div class=\"latest_post_author\"><a class=\"post_author_link\" href=\"https:\/\/orkla.ro\/en\/author\/orkadmin\/\"><span class = \"author_icon icon-user\" ><\/span><span  >Orkla Foods Romania<\/span><\/a><\/div><div class=\"latest_post_categories\"> <span class = \"category_icon icon-tag\" ><\/span><a  href=\"https:\/\/orkla.ro\/en\/category\/stiri\/\">News <\/a> <\/div><div class=\"blog_list_social\"><\/div><\/div><\/div><\/div><\/div><\/li><li class=\"clearfix\" ><div class=\"box_padding_border\"><div class=\"boxes_image\"><a href=\"https:\/\/orkla.ro\/en\/2020\/11\/30\/fainosagul-se-gusta-nu-se-discuta\/\"><img loading=\"lazy\" decoding=\"async\" width=\"900\" height=\"900\" src=\"https:\/\/orkla.ro\/wp-content\/uploads\/2021\/04\/NO-bun-Ardealul-Fainosag.jpg\" class=\"attachment-full size-full wp-post-image\" alt=\"\" srcset=\"https:\/\/orkla.ro\/wp-content\/uploads\/2021\/04\/NO-bun-Ardealul-Fainosag.jpg 900w, https:\/\/orkla.ro\/wp-content\/uploads\/2021\/04\/NO-bun-Ardealul-Fainosag-300x300.jpg 300w, https:\/\/orkla.ro\/wp-content\/uploads\/2021\/04\/NO-bun-Ardealul-Fainosag-150x150.jpg 150w, https:\/\/orkla.ro\/wp-content\/uploads\/2021\/04\/NO-bun-Ardealul-Fainosag-768x768.jpg 768w, https:\/\/orkla.ro\/wp-content\/uploads\/2021\/04\/NO-bun-Ardealul-Fainosag-12x12.jpg 12w, https:\/\/orkla.ro\/wp-content\/uploads\/2021\/04\/NO-bun-Ardealul-Fainosag-550x550.jpg 550w, https:\/\/orkla.ro\/wp-content\/uploads\/2021\/04\/NO-bun-Ardealul-Fainosag-700x700.jpg 700w\" sizes=\"auto, (max-width: 900px) 100vw, 900px\" \/><div class=\"boxes_shader\"><\/div><\/a><div class=\"boxes_corner_info\"><div class=\"latest_post_date_corner_holder\"><span class=\"date_day\">30<\/span><span class=\"date_month_year\">Nov 2020<\/span><\/div><div class=\"latest_post_comments_corner\"> <a class=\"post_comments\" href=\"https:\/\/orkla.ro\/en\/2020\/11\/30\/fainosagul-se-gusta-nu-se-discuta\/#respond\"><span class=\"comments_no\">0<\/span><span class=\"icon-bubbles comment_icon\"><\/span><\/a><\/div><\/div><\/div><div class=\"latest_post\" ><div class=\"latest_post_text\"><div class=\"latest_post_title_holder\"><h5 class=\"latest_post_title\" ><a href=\"https:\/\/orkla.ro\/en\/2020\/11\/30\/fainosagul-se-gusta-nu-se-discuta\/\" style = \"\">Faino\u0219agul se gust\u0103, nu se discut\u0103.<\/a><\/h5><\/div><p class=\"excerpt\" >No, c\u00e2nd pateul e bun nu e nevoie de cuvinte s\u0103 v\u0103 \u00een\u021belegeti la mas\u0103....<\/p><div class=\"post_info_section\" ><div class=\"latest_post_author\"><a class=\"post_author_link\" href=\"https:\/\/orkla.ro\/en\/author\/orkadmin\/\"><span class = \"author_icon icon-user\" ><\/span><span  >Orkla Foods Romania<\/span><\/a><\/div><div class=\"latest_post_categories\"> <span class = \"category_icon icon-tag\" ><\/span><a  href=\"https:\/\/orkla.ro\/en\/category\/stiri\/\">News <\/a> <\/div><div class=\"blog_list_social\"><\/div><\/div><\/div><\/div><\/div><\/li><li class=\"clearfix\" ><div class=\"box_padding_border\"><div class=\"boxes_image\"><a href=\"https:\/\/orkla.ro\/en\/2020\/10\/28\/antrefrig-iti-da-picant\/\"><img loading=\"lazy\" decoding=\"async\" width=\"900\" height=\"900\" src=\"https:\/\/orkla.ro\/wp-content\/uploads\/2021\/04\/Antrefrig-iti-da-picant-01.png\" class=\"attachment-full size-full wp-post-image\" alt=\"\" srcset=\"https:\/\/orkla.ro\/wp-content\/uploads\/2021\/04\/Antrefrig-iti-da-picant-01.png 900w, https:\/\/orkla.ro\/wp-content\/uploads\/2021\/04\/Antrefrig-iti-da-picant-01-300x300.png 300w, https:\/\/orkla.ro\/wp-content\/uploads\/2021\/04\/Antrefrig-iti-da-picant-01-150x150.png 150w, https:\/\/orkla.ro\/wp-content\/uploads\/2021\/04\/Antrefrig-iti-da-picant-01-768x768.png 768w, https:\/\/orkla.ro\/wp-content\/uploads\/2021\/04\/Antrefrig-iti-da-picant-01-12x12.png 12w, https:\/\/orkla.ro\/wp-content\/uploads\/2021\/04\/Antrefrig-iti-da-picant-01-550x550.png 550w, https:\/\/orkla.ro\/wp-content\/uploads\/2021\/04\/Antrefrig-iti-da-picant-01-700x700.png 700w\" sizes=\"auto, (max-width: 900px) 100vw, 900px\" \/><div class=\"boxes_shader\"><\/div><\/a><div class=\"boxes_corner_info\"><div class=\"latest_post_date_corner_holder\"><span class=\"date_day\">28<\/span><span class=\"date_month_year\">Oct 2020<\/span><\/div><div class=\"latest_post_comments_corner\"> <a class=\"post_comments\" href=\"https:\/\/orkla.ro\/en\/2020\/10\/28\/antrefrig-iti-da-picant\/#respond\"><span class=\"comments_no\">0<\/span><span class=\"icon-bubbles comment_icon\"><\/span><\/a><\/div><\/div><\/div><div class=\"latest_post\" ><div class=\"latest_post_text\"><div class=\"latest_post_title_holder\"><h5 class=\"latest_post_title\" ><a href=\"https:\/\/orkla.ro\/en\/2020\/10\/28\/antrefrig-iti-da-picant\/\" style = \"\">Antrefrig gives you SPICYYYYY<\/a><\/h5><\/div><p class=\"excerpt\" >Decopera\u00a0acela\u0219i gust intens de ficat, acum \u0219i picaaaant....<\/p><div class=\"post_info_section\" ><div class=\"latest_post_author\"><a class=\"post_author_link\" href=\"https:\/\/orkla.ro\/en\/author\/orkadmin\/\"><span class = \"author_icon icon-user\" ><\/span><span  >Orkla Foods Romania<\/span><\/a><\/div><div class=\"latest_post_categories\"> <span class = \"category_icon icon-tag\" ><\/span><a  href=\"https:\/\/orkla.ro\/en\/category\/stiri\/\">News <\/a> <\/div><div class=\"blog_list_social\"><\/div><\/div><\/div><\/div><\/div><\/li><li class=\"clearfix\" ><div class=\"box_padding_border\"><div class=\"boxes_image\"><a href=\"https:\/\/orkla.ro\/en\/2020\/09\/23\/naturli-be-the-change\/\"><img loading=\"lazy\" decoding=\"async\" width=\"600\" height=\"600\" src=\"https:\/\/orkla.ro\/wp-content\/uploads\/2020\/09\/Untitled-1.jpg\" class=\"attachment-full size-full wp-post-image\" alt=\"\" srcset=\"https:\/\/orkla.ro\/wp-content\/uploads\/2020\/09\/Untitled-1.jpg 600w, https:\/\/orkla.ro\/wp-content\/uploads\/2020\/09\/Untitled-1-300x300.jpg 300w, https:\/\/orkla.ro\/wp-content\/uploads\/2020\/09\/Untitled-1-150x150.jpg 150w, https:\/\/orkla.ro\/wp-content\/uploads\/2020\/09\/Untitled-1-550x550.jpg 550w\" sizes=\"auto, (max-width: 600px) 100vw, 600px\" \/><div class=\"boxes_shader\"><\/div><\/a><div class=\"boxes_corner_info\"><div class=\"latest_post_date_corner_holder\"><span class=\"date_day\">23<\/span><span class=\"date_month_year\">Sep 2020<\/span><\/div><div class=\"latest_post_comments_corner\"> <a class=\"post_comments\" href=\"https:\/\/orkla.ro\/en\/2020\/09\/23\/naturli-be-the-change\/#respond\"><span class=\"comments_no\">0<\/span><span class=\"icon-bubbles comment_icon\"><\/span><\/a><\/div><\/div><\/div><div class=\"latest_post\" ><div class=\"latest_post_text\"><div class=\"latest_post_title_holder\"><h5 class=\"latest_post_title\" ><a href=\"https:\/\/orkla.ro\/en\/2020\/09\/23\/naturli-be-the-change\/\" style = \"\">Naturli&#8217; &#8211; Be the change<\/a><\/h5><\/div><p class=\"excerpt\" >\u00cen sf\u00e2r\u0219it \u00een Rom\u00e2nia!...<\/p><div class=\"post_info_section\" ><div class=\"latest_post_author\"><a class=\"post_author_link\" href=\"https:\/\/orkla.ro\/en\/author\/orkadmin\/\"><span class = \"author_icon icon-user\" ><\/span><span  >Orkla Foods Romania<\/span><\/a><\/div><div class=\"latest_post_categories\"> <span class = \"category_icon icon-tag\" ><\/span><a  href=\"https:\/\/orkla.ro\/en\/category\/stiri\/\">News <\/a> <\/div><div class=\"blog_list_social\"><\/div><\/div><\/div><\/div><\/div><\/li><li class=\"clearfix\" ><div class=\"box_padding_border\"><div class=\"boxes_image\"><a href=\"https:\/\/orkla.ro\/en\/2020\/08\/11\/tomi-sos-cu-usturoi\/\"><img loading=\"lazy\" decoding=\"async\" width=\"900\" height=\"900\" src=\"https:\/\/orkla.ro\/wp-content\/uploads\/2020\/08\/Tomi-Ai-gustul-in-minte.jpg\" class=\"attachment-full size-full wp-post-image\" alt=\"\" srcset=\"https:\/\/orkla.ro\/wp-content\/uploads\/2020\/08\/Tomi-Ai-gustul-in-minte.jpg 900w, https:\/\/orkla.ro\/wp-content\/uploads\/2020\/08\/Tomi-Ai-gustul-in-minte-300x300.jpg 300w, https:\/\/orkla.ro\/wp-content\/uploads\/2020\/08\/Tomi-Ai-gustul-in-minte-150x150.jpg 150w, https:\/\/orkla.ro\/wp-content\/uploads\/2020\/08\/Tomi-Ai-gustul-in-minte-768x768.jpg 768w, https:\/\/orkla.ro\/wp-content\/uploads\/2020\/08\/Tomi-Ai-gustul-in-minte-550x550.jpg 550w, https:\/\/orkla.ro\/wp-content\/uploads\/2020\/08\/Tomi-Ai-gustul-in-minte-700x700.jpg 700w\" sizes=\"auto, (max-width: 900px) 100vw, 900px\" \/><div class=\"boxes_shader\"><\/div><\/a><div class=\"boxes_corner_info\"><div class=\"latest_post_date_corner_holder\"><span class=\"date_day\">11<\/span><span class=\"date_month_year\">Aug 2020<\/span><\/div><div class=\"latest_post_comments_corner\"> <a class=\"post_comments\" href=\"https:\/\/orkla.ro\/en\/2020\/08\/11\/tomi-sos-cu-usturoi\/#respond\"><span class=\"comments_no\">0<\/span><span class=\"icon-bubbles comment_icon\"><\/span><\/a><\/div><\/div><\/div><div class=\"latest_post\" ><div class=\"latest_post_text\"><div class=\"latest_post_title_holder\"><h5 class=\"latest_post_title\" ><a href=\"https:\/\/orkla.ro\/en\/2020\/08\/11\/tomi-sos-cu-usturoi\/\" style = \"\">Tomi Garlic Sauce<\/a><\/h5><\/div><p class=\"excerpt\" >Ai gustul \u00een minte? D\u0102-I \u00ceNAINTE!...<\/p><div class=\"post_info_section\" ><div class=\"latest_post_author\"><a class=\"post_author_link\" href=\"https:\/\/orkla.ro\/en\/author\/orkadmin\/\"><span class = \"author_icon icon-user\" ><\/span><span  >Orkla Foods Romania<\/span><\/a><\/div><div class=\"latest_post_categories\"> <span class = \"category_icon icon-tag\" ><\/span><a  href=\"https:\/\/orkla.ro\/en\/category\/stiri\/\">News <\/a> <\/div><div class=\"blog_list_social\"><\/div><\/div><\/div><\/div><\/div><\/li><li class=\"clearfix\" ><div class=\"box_padding_border\"><div class=\"boxes_image\"><a href=\"https:\/\/orkla.ro\/en\/2020\/08\/10\/cand-doi-se-lupta-fainosagul-castiga\/\"><img loading=\"lazy\" decoding=\"async\" width=\"900\" height=\"900\" src=\"https:\/\/orkla.ro\/wp-content\/uploads\/2020\/08\/Ardealul-Ion-Vs-Ionut.jpg\" class=\"attachment-full size-full wp-post-image\" alt=\"\" srcset=\"https:\/\/orkla.ro\/wp-content\/uploads\/2020\/08\/Ardealul-Ion-Vs-Ionut.jpg 900w, https:\/\/orkla.ro\/wp-content\/uploads\/2020\/08\/Ardealul-Ion-Vs-Ionut-300x300.jpg 300w, https:\/\/orkla.ro\/wp-content\/uploads\/2020\/08\/Ardealul-Ion-Vs-Ionut-150x150.jpg 150w, https:\/\/orkla.ro\/wp-content\/uploads\/2020\/08\/Ardealul-Ion-Vs-Ionut-768x768.jpg 768w, https:\/\/orkla.ro\/wp-content\/uploads\/2020\/08\/Ardealul-Ion-Vs-Ionut-550x550.jpg 550w, https:\/\/orkla.ro\/wp-content\/uploads\/2020\/08\/Ardealul-Ion-Vs-Ionut-700x700.jpg 700w\" sizes=\"auto, (max-width: 900px) 100vw, 900px\" \/><div class=\"boxes_shader\"><\/div><\/a><div class=\"boxes_corner_info\"><div class=\"latest_post_date_corner_holder\"><span class=\"date_day\">10<\/span><span class=\"date_month_year\">Aug 2020<\/span><\/div><div class=\"latest_post_comments_corner\"> <a class=\"post_comments\" href=\"https:\/\/orkla.ro\/en\/2020\/08\/10\/cand-doi-se-lupta-fainosagul-castiga\/#respond\"><span class=\"comments_no\">0<\/span><span class=\"icon-bubbles comment_icon\"><\/span><\/a><\/div><\/div><\/div><div class=\"latest_post\" ><div class=\"latest_post_text\"><div class=\"latest_post_title_holder\"><h5 class=\"latest_post_title\" ><a href=\"https:\/\/orkla.ro\/en\/2020\/08\/10\/cand-doi-se-lupta-fainosagul-castiga\/\" style = \"\">When there's a battle, Fainosag is the winner<\/a><\/h5><\/div><p class=\"excerpt\" >\u00cen 2019 a \u00eenceput evolu\u021bia pateului Ardealul, de la un Faino\u0219ag ancorat \u00een tradi\u021bii vechi, la predarea \u0219tafetei c\u0103tre genera\u021biile tinere....<\/p><div class=\"post_info_section\" ><div class=\"latest_post_author\"><a class=\"post_author_link\" href=\"https:\/\/orkla.ro\/en\/author\/orkadmin\/\"><span class = \"author_icon icon-user\" ><\/span><span  >Orkla Foods Romania<\/span><\/a><\/div><div class=\"latest_post_categories\"> <span class = \"category_icon icon-tag\" ><\/span><a  href=\"https:\/\/orkla.ro\/en\/category\/stiri\/\">News <\/a> <\/div><div class=\"blog_list_social\"><\/div><\/div><\/div><\/div><\/div><\/li><li class=\"clearfix\" ><div class=\"box_padding_border\"><div class=\"boxes_image\"><a href=\"https:\/\/orkla.ro\/en\/2020\/08\/09\/tomi-mustar-editie-limitata\/\"><img loading=\"lazy\" decoding=\"async\" width=\"900\" height=\"900\" src=\"https:\/\/orkla.ro\/wp-content\/uploads\/2020\/08\/Tomi-urban-Postare-Facebook-Mustar-Urban.jpg\" class=\"attachment-full size-full wp-post-image\" alt=\"\" srcset=\"https:\/\/orkla.ro\/wp-content\/uploads\/2020\/08\/Tomi-urban-Postare-Facebook-Mustar-Urban.jpg 900w, https:\/\/orkla.ro\/wp-content\/uploads\/2020\/08\/Tomi-urban-Postare-Facebook-Mustar-Urban-300x300.jpg 300w, https:\/\/orkla.ro\/wp-content\/uploads\/2020\/08\/Tomi-urban-Postare-Facebook-Mustar-Urban-150x150.jpg 150w, https:\/\/orkla.ro\/wp-content\/uploads\/2020\/08\/Tomi-urban-Postare-Facebook-Mustar-Urban-768x768.jpg 768w, https:\/\/orkla.ro\/wp-content\/uploads\/2020\/08\/Tomi-urban-Postare-Facebook-Mustar-Urban-550x550.jpg 550w, https:\/\/orkla.ro\/wp-content\/uploads\/2020\/08\/Tomi-urban-Postare-Facebook-Mustar-Urban-700x700.jpg 700w\" sizes=\"auto, (max-width: 900px) 100vw, 900px\" \/><div class=\"boxes_shader\"><\/div><\/a><div class=\"boxes_corner_info\"><div class=\"latest_post_date_corner_holder\"><span class=\"date_day\">09<\/span><span class=\"date_month_year\">Aug 2020<\/span><\/div><div class=\"latest_post_comments_corner\"> <a class=\"post_comments\" href=\"https:\/\/orkla.ro\/en\/2020\/08\/09\/tomi-mustar-editie-limitata\/#respond\"><span class=\"comments_no\">0<\/span><span class=\"icon-bubbles comment_icon\"><\/span><\/a><\/div><\/div><\/div><div class=\"latest_post\" ><div class=\"latest_post_text\"><div class=\"latest_post_title_holder\"><h5 class=\"latest_post_title\" ><a href=\"https:\/\/orkla.ro\/en\/2020\/08\/09\/tomi-mustar-editie-limitata\/\" style = \"\">Tomi Mustard - Limited edition<\/a><\/h5><\/div><p class=\"excerpt\" >Ai gustul \u00een minte? D\u0102-I \u00ceNAINTE!...<\/p><div class=\"post_info_section\" ><div class=\"latest_post_author\"><a class=\"post_author_link\" href=\"https:\/\/orkla.ro\/en\/author\/orkadmin\/\"><span class = \"author_icon icon-user\" ><\/span><span  >Orkla Foods Romania<\/span><\/a><\/div><div class=\"latest_post_categories\"> <span class = \"category_icon icon-tag\" ><\/span><a  href=\"https:\/\/orkla.ro\/en\/category\/stiri\/\">News <\/a> <\/div><div class=\"blog_list_social\"><\/div><\/div><\/div><\/div><\/div><\/li><li class=\"clearfix\" ><div class=\"box_padding_border\"><div class=\"boxes_image\"><a href=\"https:\/\/orkla.ro\/en\/2020\/03\/24\/coronavirus-si-responsabilitatea-sociala-orkla-foods-romania-in-calitate-de-furnizor-de-produse-alimentare\/\"><img loading=\"lazy\" decoding=\"async\" width=\"2010\" height=\"2010\" src=\"https:\/\/orkla.ro\/wp-content\/uploads\/2020\/03\/thumb.jpg\" class=\"attachment-full size-full wp-post-image\" alt=\"\" srcset=\"https:\/\/orkla.ro\/wp-content\/uploads\/2020\/03\/thumb.jpg 2010w, https:\/\/orkla.ro\/wp-content\/uploads\/2020\/03\/thumb-300x300.jpg 300w, https:\/\/orkla.ro\/wp-content\/uploads\/2020\/03\/thumb-1024x1024.jpg 1024w, https:\/\/orkla.ro\/wp-content\/uploads\/2020\/03\/thumb-150x150.jpg 150w, https:\/\/orkla.ro\/wp-content\/uploads\/2020\/03\/thumb-768x768.jpg 768w, https:\/\/orkla.ro\/wp-content\/uploads\/2020\/03\/thumb-1536x1536.jpg 1536w, https:\/\/orkla.ro\/wp-content\/uploads\/2020\/03\/thumb-550x550.jpg 550w, https:\/\/orkla.ro\/wp-content\/uploads\/2020\/03\/thumb-1000x1000.jpg 1000w, https:\/\/orkla.ro\/wp-content\/uploads\/2020\/03\/thumb-700x700.jpg 700w\" sizes=\"auto, (max-width: 2010px) 100vw, 2010px\" \/><div class=\"boxes_shader\"><\/div><\/a><div class=\"boxes_corner_info\"><div class=\"latest_post_date_corner_holder\"><span class=\"date_day\">24<\/span><span class=\"date_month_year\">Mar 2020<\/span><\/div><div class=\"latest_post_comments_corner\"> <a class=\"post_comments\" href=\"https:\/\/orkla.ro\/en\/2020\/03\/24\/coronavirus-si-responsabilitatea-sociala-orkla-foods-romania-in-calitate-de-furnizor-de-produse-alimentare\/#respond\"><span class=\"comments_no\">0<\/span><span class=\"icon-bubbles comment_icon\"><\/span><\/a><\/div><\/div><\/div><div class=\"latest_post\" ><div class=\"latest_post_text\"><div class=\"latest_post_title_holder\"><h5 class=\"latest_post_title\" ><a href=\"https:\/\/orkla.ro\/en\/2020\/03\/24\/coronavirus-si-responsabilitatea-sociala-orkla-foods-romania-in-calitate-de-furnizor-de-produse-alimentare\/\" style = \"\">CORONAVIRUS AND SOCIAL RESPONSIBILITY OF ORKLA FOODS ROMANIA, AS FOOD PRODUCTS PROVIDER<\/a><\/h5><\/div><p class=\"excerpt\" >Orkla \u00ee\u0219i asum\u0103 responsabilitatea fa\u021b\u0103 de societate \u00een timpul pandemiei de coronavirus. Ne confrunt\u0103m cu o cerere crescut\u0103 \u0219i intensific\u0103m produc\u021bia de alimente pentru a asigura sprijin \u0219i s...<\/p><div class=\"post_info_section\" ><div class=\"latest_post_author\"><a class=\"post_author_link\" href=\"https:\/\/orkla.ro\/en\/author\/orkadmin\/\"><span class = \"author_icon icon-user\" ><\/span><span  >Orkla Foods Romania<\/span><\/a><\/div><div class=\"latest_post_categories\"> <span class = \"category_icon icon-tag\" ><\/span><a  href=\"https:\/\/orkla.ro\/en\/category\/stiri\/\">News <\/a> <\/div><div class=\"blog_list_social\"><\/div><\/div><\/div><\/div><\/div><\/li><li class=\"clearfix\" ><div class=\"box_padding_border\"><div class=\"boxes_image\"><a href=\"https:\/\/orkla.ro\/en\/2019\/12\/10\/carioca-jazz-communications-si-orkla-in-best-200-ad-photographers\/\"><img loading=\"lazy\" decoding=\"async\" width=\"1001\" height=\"1001\" src=\"https:\/\/orkla.ro\/wp-content\/uploads\/2019\/12\/Articole-Orkla_archive.jpg\" class=\"attachment-full size-full wp-post-image\" alt=\"\" srcset=\"https:\/\/orkla.ro\/wp-content\/uploads\/2019\/12\/Articole-Orkla_archive.jpg 1001w, https:\/\/orkla.ro\/wp-content\/uploads\/2019\/12\/Articole-Orkla_archive-300x300.jpg 300w, https:\/\/orkla.ro\/wp-content\/uploads\/2019\/12\/Articole-Orkla_archive-150x150.jpg 150w, https:\/\/orkla.ro\/wp-content\/uploads\/2019\/12\/Articole-Orkla_archive-768x768.jpg 768w, https:\/\/orkla.ro\/wp-content\/uploads\/2019\/12\/Articole-Orkla_archive-550x550.jpg 550w, https:\/\/orkla.ro\/wp-content\/uploads\/2019\/12\/Articole-Orkla_archive-700x700.jpg 700w\" sizes=\"auto, (max-width: 1001px) 100vw, 1001px\" \/><div class=\"boxes_shader\"><\/div><\/a><div class=\"boxes_corner_info\"><div class=\"latest_post_date_corner_holder\"><span class=\"date_day\">10<\/span><span class=\"date_month_year\">Dec 2019<\/span><\/div><div class=\"latest_post_comments_corner\"> <a class=\"post_comments\" href=\"https:\/\/orkla.ro\/en\/2019\/12\/10\/carioca-jazz-communications-si-orkla-in-best-200-ad-photographers\/#respond\"><span class=\"comments_no\">0<\/span><span class=\"icon-bubbles comment_icon\"><\/span><\/a><\/div><\/div><\/div><div class=\"latest_post\" ><div class=\"latest_post_text\"><div class=\"latest_post_title_holder\"><h5 class=\"latest_post_title\" ><a href=\"https:\/\/orkla.ro\/en\/2019\/12\/10\/carioca-jazz-communications-si-orkla-in-best-200-ad-photographers\/\" style = \"\">CARIOCA, JAZZ COMMUNICATIONS &amp; ORKLA IN BEST 200 AD PHOTOGRAPHERS<\/a><\/h5><\/div><p class=\"excerpt\" >We are pleased to announce that LaMinut has been published in the L\u00fcrzer\u2019s Archive magazine \u2013 Best 200 Photographers. https:\/\/www.luerzersarchive.com\/en\/article\/801\/available-now:-our-latest-volume-of-200-best-ad-photographers-worldwide-.html<\/p><div class=\"post_info_section\" ><div class=\"latest_post_author\"><a class=\"post_author_link\" href=\"https:\/\/orkla.ro\/en\/author\/orkadmin\/\"><span class = \"author_icon icon-user\" ><\/span><span  >Orkla Foods Romania<\/span><\/a><\/div><div class=\"latest_post_categories\"> <span class = \"category_icon icon-tag\" ><\/span><a  href=\"https:\/\/orkla.ro\/en\/category\/stiri\/\">News <\/a> <\/div><div class=\"blog_list_social\"><\/div><\/div><\/div><\/div><\/div><\/li><li class=\"clearfix\" ><div class=\"box_padding_border\"><div class=\"boxes_image\"><a href=\"https:\/\/orkla.ro\/en\/2019\/12\/10\/linco-patisero-lanseaza-doua-sortimente-noi\/\"><img loading=\"lazy\" decoding=\"async\" width=\"1001\" height=\"1001\" src=\"https:\/\/orkla.ro\/wp-content\/uploads\/2019\/12\/Articole-Orkla_linco-patisero.jpg\" class=\"attachment-full size-full wp-post-image\" alt=\"\" srcset=\"https:\/\/orkla.ro\/wp-content\/uploads\/2019\/12\/Articole-Orkla_linco-patisero.jpg 1001w, https:\/\/orkla.ro\/wp-content\/uploads\/2019\/12\/Articole-Orkla_linco-patisero-300x300.jpg 300w, https:\/\/orkla.ro\/wp-content\/uploads\/2019\/12\/Articole-Orkla_linco-patisero-150x150.jpg 150w, https:\/\/orkla.ro\/wp-content\/uploads\/2019\/12\/Articole-Orkla_linco-patisero-768x768.jpg 768w, https:\/\/orkla.ro\/wp-content\/uploads\/2019\/12\/Articole-Orkla_linco-patisero-550x550.jpg 550w, https:\/\/orkla.ro\/wp-content\/uploads\/2019\/12\/Articole-Orkla_linco-patisero-700x700.jpg 700w\" sizes=\"auto, (max-width: 1001px) 100vw, 1001px\" \/><div class=\"boxes_shader\"><\/div><\/a><div class=\"boxes_corner_info\"><div class=\"latest_post_date_corner_holder\"><span class=\"date_day\">10<\/span><span class=\"date_month_year\">Dec 2019<\/span><\/div><div class=\"latest_post_comments_corner\"> <a class=\"post_comments\" href=\"https:\/\/orkla.ro\/en\/2019\/12\/10\/linco-patisero-lanseaza-doua-sortimente-noi\/#respond\"><span class=\"comments_no\">0<\/span><span class=\"icon-bubbles comment_icon\"><\/span><\/a><\/div><\/div><\/div><div class=\"latest_post\" ><div class=\"latest_post_text\"><div class=\"latest_post_title_holder\"><h5 class=\"latest_post_title\" ><a href=\"https:\/\/orkla.ro\/en\/2019\/12\/10\/linco-patisero-lanseaza-doua-sortimente-noi\/\" style = \"\">Linco Patisero - Pies with cherries and berries<\/a><\/h5><\/div><p class=\"excerpt\" >This winter Linco Patisero launches two new assortments of filled pies, with cherries and berries. The Christmas preparations, the oven started and the sweet sour taste will blend perfectly to create a home-made atmosphere with a festive smell.<\/p><div class=\"post_info_section\" ><div class=\"latest_post_author\"><a class=\"post_author_link\" href=\"https:\/\/orkla.ro\/en\/author\/orkadmin\/\"><span class = \"author_icon icon-user\" ><\/span><span  >Orkla Foods Romania<\/span><\/a><\/div><div class=\"latest_post_categories\"> <span class = \"category_icon icon-tag\" ><\/span><a  href=\"https:\/\/orkla.ro\/en\/category\/stiri\/\">News <\/a> <\/div><div class=\"blog_list_social\"><\/div><\/div><\/div><\/div><\/div><\/li><li class=\"clearfix\" ><div class=\"box_padding_border\"><div class=\"boxes_image\"><a href=\"https:\/\/orkla.ro\/en\/2019\/12\/10\/ketchup-with-the-moves\/\"><img loading=\"lazy\" decoding=\"async\" width=\"1001\" height=\"1001\" src=\"https:\/\/orkla.ro\/wp-content\/uploads\/2019\/12\/Articole-Orkla_Ketchup-with-the-moves.jpg\" class=\"attachment-full size-full wp-post-image\" alt=\"\" srcset=\"https:\/\/orkla.ro\/wp-content\/uploads\/2019\/12\/Articole-Orkla_Ketchup-with-the-moves.jpg 1001w, https:\/\/orkla.ro\/wp-content\/uploads\/2019\/12\/Articole-Orkla_Ketchup-with-the-moves-300x300.jpg 300w, https:\/\/orkla.ro\/wp-content\/uploads\/2019\/12\/Articole-Orkla_Ketchup-with-the-moves-150x150.jpg 150w, https:\/\/orkla.ro\/wp-content\/uploads\/2019\/12\/Articole-Orkla_Ketchup-with-the-moves-768x768.jpg 768w, https:\/\/orkla.ro\/wp-content\/uploads\/2019\/12\/Articole-Orkla_Ketchup-with-the-moves-550x550.jpg 550w, https:\/\/orkla.ro\/wp-content\/uploads\/2019\/12\/Articole-Orkla_Ketchup-with-the-moves-700x700.jpg 700w\" sizes=\"auto, (max-width: 1001px) 100vw, 1001px\" \/><div class=\"boxes_shader\"><\/div><\/a><div class=\"boxes_corner_info\"><div class=\"latest_post_date_corner_holder\"><span class=\"date_day\">10<\/span><span class=\"date_month_year\">Dec 2019<\/span><\/div><div class=\"latest_post_comments_corner\"> <a class=\"post_comments\" href=\"https:\/\/orkla.ro\/en\/2019\/12\/10\/ketchup-with-the-moves\/#respond\"><span class=\"comments_no\">0<\/span><span class=\"icon-bubbles comment_icon\"><\/span><\/a><\/div><\/div><\/div><div class=\"latest_post\" ><div class=\"latest_post_text\"><div class=\"latest_post_title_holder\"><h5 class=\"latest_post_title\" ><a href=\"https:\/\/orkla.ro\/en\/2019\/12\/10\/ketchup-with-the-moves\/\" style = \"\">Ketchup with the moves<\/a><\/h5><\/div><p class=\"excerpt\" >Tomi launches Youtube channel: Here you will find interesting series about dance, music, film, extreme sports, gaming or cool food. Ketchup with the moves is the first series launched online and t...<\/p><div class=\"post_info_section\" ><div class=\"latest_post_author\"><a class=\"post_author_link\" href=\"https:\/\/orkla.ro\/en\/author\/orkadmin\/\"><span class = \"author_icon icon-user\" ><\/span><span  >Orkla Foods Romania<\/span><\/a><\/div><div class=\"latest_post_categories\"> <span class = \"category_icon icon-tag\" ><\/span><a  href=\"https:\/\/orkla.ro\/en\/category\/stiri\/\">News <\/a> <\/div><div class=\"blog_list_social\"><\/div><\/div><\/div><\/div><\/div><\/li><li class=\"clearfix\" ><div class=\"box_padding_border\"><div class=\"boxes_image\"><a href=\"https:\/\/orkla.ro\/en\/2019\/12\/08\/tomi-da-gustul-tu-alegi-premiul\/\"><img loading=\"lazy\" decoding=\"async\" width=\"1001\" height=\"1001\" src=\"https:\/\/orkla.ro\/wp-content\/uploads\/2019\/12\/Articole-Orkla_tu-alegi-premiul.jpg\" class=\"attachment-full size-full wp-post-image\" alt=\"\" srcset=\"https:\/\/orkla.ro\/wp-content\/uploads\/2019\/12\/Articole-Orkla_tu-alegi-premiul.jpg 1001w, https:\/\/orkla.ro\/wp-content\/uploads\/2019\/12\/Articole-Orkla_tu-alegi-premiul-300x300.jpg 300w, https:\/\/orkla.ro\/wp-content\/uploads\/2019\/12\/Articole-Orkla_tu-alegi-premiul-150x150.jpg 150w, https:\/\/orkla.ro\/wp-content\/uploads\/2019\/12\/Articole-Orkla_tu-alegi-premiul-768x768.jpg 768w, https:\/\/orkla.ro\/wp-content\/uploads\/2019\/12\/Articole-Orkla_tu-alegi-premiul-550x550.jpg 550w, https:\/\/orkla.ro\/wp-content\/uploads\/2019\/12\/Articole-Orkla_tu-alegi-premiul-700x700.jpg 700w\" sizes=\"auto, (max-width: 1001px) 100vw, 1001px\" \/><div class=\"boxes_shader\"><\/div><\/a><div class=\"boxes_corner_info\"><div class=\"latest_post_date_corner_holder\"><span class=\"date_day\">08<\/span><span class=\"date_month_year\">Dec 2019<\/span><\/div><div class=\"latest_post_comments_corner\"> <a class=\"post_comments\" href=\"https:\/\/orkla.ro\/en\/2019\/12\/08\/tomi-da-gustul-tu-alegi-premiul\/#respond\"><span class=\"comments_no\">0<\/span><span class=\"icon-bubbles comment_icon\"><\/span><\/a><\/div><\/div><\/div><div class=\"latest_post\" ><div class=\"latest_post_text\"><div class=\"latest_post_title_holder\"><h5 class=\"latest_post_title\" ><a href=\"https:\/\/orkla.ro\/en\/2019\/12\/08\/tomi-da-gustul-tu-alegi-premiul\/\" style = \"\">Take the taste, you choose the prize!<\/a><\/h5><\/div><p class=\"excerpt\" >Tomi taste it, you choose the prize! Discover the new Tomi campaign. Enter the contest and you can win prizes on the chosen ones. If you are online all day, you can sign up to win an Iphone XS, if you get into fashion, you take the Fashion Days Voucher...<\/p><div class=\"post_info_section\" ><div class=\"latest_post_author\"><a class=\"post_author_link\" href=\"https:\/\/orkla.ro\/en\/author\/orkadmin\/\"><span class = \"author_icon icon-user\" ><\/span><span  >Orkla Foods Romania<\/span><\/a><\/div><div class=\"latest_post_categories\"> <span class = \"category_icon icon-tag\" ><\/span><a  href=\"https:\/\/orkla.ro\/en\/category\/stiri\/\">News <\/a> <\/div><div class=\"blog_list_social\"><\/div><\/div><\/div><\/div><\/div><\/li><li class=\"clearfix\" ><div class=\"box_padding_border\"><div class=\"boxes_image\"><a href=\"https:\/\/orkla.ro\/en\/2019\/12\/08\/ionut-rusu-influencerul-devenit-ucenic-la-fainosag\/\"><img loading=\"lazy\" decoding=\"async\" width=\"1000\" height=\"1000\" src=\"https:\/\/orkla.ro\/wp-content\/uploads\/2019\/12\/Ardelean-si-ucenic-Instagram.jpg\" class=\"attachment-full size-full wp-post-image\" alt=\"\" srcset=\"https:\/\/orkla.ro\/wp-content\/uploads\/2019\/12\/Ardelean-si-ucenic-Instagram.jpg 1000w, https:\/\/orkla.ro\/wp-content\/uploads\/2019\/12\/Ardelean-si-ucenic-Instagram-300x300.jpg 300w, https:\/\/orkla.ro\/wp-content\/uploads\/2019\/12\/Ardelean-si-ucenic-Instagram-150x150.jpg 150w, https:\/\/orkla.ro\/wp-content\/uploads\/2019\/12\/Ardelean-si-ucenic-Instagram-768x768.jpg 768w, https:\/\/orkla.ro\/wp-content\/uploads\/2019\/12\/Ardelean-si-ucenic-Instagram-550x550.jpg 550w, https:\/\/orkla.ro\/wp-content\/uploads\/2019\/12\/Ardelean-si-ucenic-Instagram-700x700.jpg 700w\" sizes=\"auto, (max-width: 1000px) 100vw, 1000px\" \/><div class=\"boxes_shader\"><\/div><\/a><div class=\"boxes_corner_info\"><div class=\"latest_post_date_corner_holder\"><span class=\"date_day\">08<\/span><span class=\"date_month_year\">Dec 2019<\/span><\/div><div class=\"latest_post_comments_corner\"> <a class=\"post_comments\" href=\"https:\/\/orkla.ro\/en\/2019\/12\/08\/ionut-rusu-influencerul-devenit-ucenic-la-fainosag\/#respond\"><span class=\"comments_no\">0<\/span><span class=\"icon-bubbles comment_icon\"><\/span><\/a><\/div><\/div><\/div><div class=\"latest_post\" ><div class=\"latest_post_text\"><div class=\"latest_post_title_holder\"><h5 class=\"latest_post_title\" ><a href=\"https:\/\/orkla.ro\/en\/2019\/12\/08\/ionut-rusu-influencerul-devenit-ucenic-la-fainosag\/\" style = \"\">Ionut Rusu, the influencer who became an apprentice at Fainosag<\/a><\/h5><\/div><p class=\"excerpt\" >This year, the Ardealul team took Ionut Rusu, the comedy actor and influencer online. Someone had to carry on the tradition of Fainosag, so Nea Ion thought for a while<\/p><div class=\"post_info_section\" ><div class=\"latest_post_author\"><a class=\"post_author_link\" href=\"https:\/\/orkla.ro\/en\/author\/orkadmin\/\"><span class = \"author_icon icon-user\" ><\/span><span  >Orkla Foods Romania<\/span><\/a><\/div><div class=\"latest_post_categories\"> <span class = \"category_icon icon-tag\" ><\/span><a  href=\"https:\/\/orkla.ro\/en\/category\/stiri\/\">News <\/a> <\/div><div class=\"blog_list_social\"><\/div><\/div><\/div><\/div><\/div><\/li><\/ul><\/div><\/div><\/div><\/div><\/div><\/div><\/div>\n<\/div>","protected":false},"excerpt":{"rendered":"Anul acesta pate Ardealul l-a luat in echipa pe Ionut Rusu, actorul de comedie si influencer online. Cineva trebuia sa duca mai departe traditia Fainosagului, asa ca nea Ion s-a gandit ceva vreme cui sa-i spuna secretul. A lansat o provocare pe Facebook si s-a...","protected":false},"author":1,"featured_media":0,"parent":0,"menu_order":0,"comment_status":"open","ping_status":"closed","template":"full_width.php","meta":{"footnotes":""},"class_list":["post-344806","page","type-page","status-publish","hentry"],"yoast_head":"<!-- This site is optimized with the Yoast SEO plugin v27.5 - https:\/\/yoast.com\/product\/yoast-seo-wordpress\/ -->\n<title>\u0218tiri - Orkla.ro<\/title>\n<meta name=\"robots\" content=\"index, follow, max-snippet:-1, max-image-preview:large, max-video-preview:-1\" \/>\n<link rel=\"canonical\" href=\"https:\/\/orkla.ro\/en\/stiri\/\" \/>\n<meta property=\"og:locale\" content=\"en_US\" \/>\n<meta property=\"og:type\" content=\"article\" \/>\n<meta property=\"og:title\" content=\"\u0218tiri - Orkla.ro\" \/>\n<meta property=\"og:url\" content=\"https:\/\/orkla.ro\/en\/stiri\/\" \/>\n<meta property=\"og:site_name\" content=\"Orkla.ro\" \/>\n<meta property=\"article:publisher\" content=\"https:\/\/www.facebook.com\/OrklaFoodsRomania\/\" \/>\n<meta property=\"article:modified_time\" content=\"2020-03-24T15:36:08+00:00\" \/>\n<meta name=\"twitter:card\" content=\"summary_large_image\" \/>\n<meta name=\"twitter:label1\" content=\"Est. reading time\" \/>\n\t<meta name=\"twitter:data1\" content=\"1 minute\" \/>\n<script type=\"application\/ld+json\" class=\"yoast-schema-graph\">{\"@context\":\"https:\\\/\\\/schema.org\",\"@graph\":[{\"@type\":\"WebPage\",\"@id\":\"https:\\\/\\\/orkla.ro\\\/stiri\\\/\",\"url\":\"https:\\\/\\\/orkla.ro\\\/stiri\\\/\",\"name\":\"\u0218tiri - Orkla.ro\",\"isPartOf\":{\"@id\":\"https:\\\/\\\/orkla.ro\\\/#website\"},\"datePublished\":\"2015-08-04T15:21:03+00:00\",\"dateModified\":\"2020-03-24T15:36:08+00:00\",\"breadcrumb\":{\"@id\":\"https:\\\/\\\/orkla.ro\\\/stiri\\\/#breadcrumb\"},\"inLanguage\":\"en-US\",\"potentialAction\":[{\"@type\":\"ReadAction\",\"target\":[\"https:\\\/\\\/orkla.ro\\\/stiri\\\/\"]}]},{\"@type\":\"BreadcrumbList\",\"@id\":\"https:\\\/\\\/orkla.ro\\\/stiri\\\/#breadcrumb\",\"itemListElement\":[{\"@type\":\"ListItem\",\"position\":1,\"name\":\"Home\",\"item\":\"https:\\\/\\\/orkla.ro\\\/\"},{\"@type\":\"ListItem\",\"position\":2,\"name\":\"\u0218tiri\"}]},{\"@type\":\"WebSite\",\"@id\":\"https:\\\/\\\/orkla.ro\\\/#website\",\"url\":\"https:\\\/\\\/orkla.ro\\\/\",\"name\":\"Orkla.ro\",\"description\":\"PRIETENUL T\u0102U \u00ceN VIA\u021aA DE ZI CU ZI\",\"publisher\":{\"@id\":\"https:\\\/\\\/orkla.ro\\\/#organization\"},\"potentialAction\":[{\"@type\":\"SearchAction\",\"target\":{\"@type\":\"EntryPoint\",\"urlTemplate\":\"https:\\\/\\\/orkla.ro\\\/?s={search_term_string}\"},\"query-input\":{\"@type\":\"PropertyValueSpecification\",\"valueRequired\":true,\"valueName\":\"search_term_string\"}}],\"inLanguage\":\"en-US\"},{\"@type\":\"Organization\",\"@id\":\"https:\\\/\\\/orkla.ro\\\/#organization\",\"name\":\"Orkla Foods Romania\",\"url\":\"https:\\\/\\\/orkla.ro\\\/\",\"logo\":{\"@type\":\"ImageObject\",\"inLanguage\":\"en-US\",\"@id\":\"https:\\\/\\\/orkla.ro\\\/#\\\/schema\\\/logo\\\/image\\\/\",\"url\":\"https:\\\/\\\/orkla.ro\\\/wp-content\\\/uploads\\\/2019\\\/12\\\/logo-orkla-foods-romania-copy-1.jpg\",\"contentUrl\":\"https:\\\/\\\/orkla.ro\\\/wp-content\\\/uploads\\\/2019\\\/12\\\/logo-orkla-foods-romania-copy-1.jpg\",\"width\":203,\"height\":70,\"caption\":\"Orkla Foods Romania\"},\"image\":{\"@id\":\"https:\\\/\\\/orkla.ro\\\/#\\\/schema\\\/logo\\\/image\\\/\"},\"sameAs\":[\"https:\\\/\\\/www.facebook.com\\\/OrklaFoodsRomania\\\/\"]}]}<\/script>\n<!-- \/ Yoast SEO plugin. -->","yoast_head_json":{"title":"\u0218tiri - Orkla.ro","robots":{"index":"index","follow":"follow","max-snippet":"max-snippet:-1","max-image-preview":"max-image-preview:large","max-video-preview":"max-video-preview:-1"},"canonical":"https:\/\/orkla.ro\/en\/stiri\/","og_locale":"en_US","og_type":"article","og_title":"\u0218tiri - Orkla.ro","og_url":"https:\/\/orkla.ro\/en\/stiri\/","og_site_name":"Orkla.ro","article_publisher":"https:\/\/www.facebook.com\/OrklaFoodsRomania\/","article_modified_time":"2020-03-24T15:36:08+00:00","twitter_card":"summary_large_image","twitter_misc":{"Est. reading time":"1 minute"},"schema":{"@context":"https:\/\/schema.org","@graph":[{"@type":"WebPage","@id":"https:\/\/orkla.ro\/stiri\/","url":"https:\/\/orkla.ro\/stiri\/","name":"\u0218tiri - Orkla.ro","isPartOf":{"@id":"https:\/\/orkla.ro\/#website"},"datePublished":"2015-08-04T15:21:03+00:00","dateModified":"2020-03-24T15:36:08+00:00","breadcrumb":{"@id":"https:\/\/orkla.ro\/stiri\/#breadcrumb"},"inLanguage":"en-US","potentialAction":[{"@type":"ReadAction","target":["https:\/\/orkla.ro\/stiri\/"]}]},{"@type":"BreadcrumbList","@id":"https:\/\/orkla.ro\/stiri\/#breadcrumb","itemListElement":[{"@type":"ListItem","position":1,"name":"Home","item":"https:\/\/orkla.ro\/"},{"@type":"ListItem","position":2,"name":"\u0218tiri"}]},{"@type":"WebSite","@id":"https:\/\/orkla.ro\/#website","url":"https:\/\/orkla.ro\/","name":"Orkla.ro","description":"YOUR FRIEND IN EVERYDAY LIFE","publisher":{"@id":"https:\/\/orkla.ro\/#organization"},"potentialAction":[{"@type":"SearchAction","target":{"@type":"EntryPoint","urlTemplate":"https:\/\/orkla.ro\/?s={search_term_string}"},"query-input":{"@type":"PropertyValueSpecification","valueRequired":true,"valueName":"search_term_string"}}],"inLanguage":"en-US"},{"@type":"Organization","@id":"https:\/\/orkla.ro\/#organization","name":"Orkla Foods Romania","url":"https:\/\/orkla.ro\/","logo":{"@type":"ImageObject","inLanguage":"en-US","@id":"https:\/\/orkla.ro\/#\/schema\/logo\/image\/","url":"https:\/\/orkla.ro\/wp-content\/uploads\/2019\/12\/logo-orkla-foods-romania-copy-1.jpg","contentUrl":"https:\/\/orkla.ro\/wp-content\/uploads\/2019\/12\/logo-orkla-foods-romania-copy-1.jpg","width":203,"height":70,"caption":"Orkla Foods Romania"},"image":{"@id":"https:\/\/orkla.ro\/#\/schema\/logo\/image\/"},"sameAs":["https:\/\/www.facebook.com\/OrklaFoodsRomania\/"]}]}},"_links":{"self":[{"href":"https:\/\/orkla.ro\/en\/wp-json\/wp\/v2\/pages\/344806","targetHints":{"allow":["GET"]}}],"collection":[{"href":"https:\/\/orkla.ro\/en\/wp-json\/wp\/v2\/pages"}],"about":[{"href":"https:\/\/orkla.ro\/en\/wp-json\/wp\/v2\/types\/page"}],"author":[{"embeddable":true,"href":"https:\/\/orkla.ro\/en\/wp-json\/wp\/v2\/users\/1"}],"replies":[{"embeddable":true,"href":"https:\/\/orkla.ro\/en\/wp-json\/wp\/v2\/comments?post=344806"}],"version-history":[{"count":8,"href":"https:\/\/orkla.ro\/en\/wp-json\/wp\/v2\/pages\/344806\/revisions"}],"predecessor-version":[{"id":350057,"href":"https:\/\/orkla.ro\/en\/wp-json\/wp\/v2\/pages\/344806\/revisions\/350057"}],"wp:attachment":[{"href":"https:\/\/orkla.ro\/en\/wp-json\/wp\/v2\/media?parent=344806"}],"curies":[{"name":"wp","href":"https:\/\/api.w.org\/{rel}","templated":true}]}}