{"id":352006,"date":"2024-05-16T21:55:16","date_gmt":"2024-05-16T21:55:16","guid":{"rendered":"https:\/\/orkla.ro\/orklab2b\/?page_id=352006"},"modified":"2024-05-19T19:14:42","modified_gmt":"2024-05-19T19:14:42","slug":"fantezii-cu-ciocolata-si-caramel","status":"publish","type":"page","link":"https:\/\/orkla.ro\/b2b\/index.php\/evenimente-speciale-cake-bar\/fantezii-cu-ciocolata-si-caramel\/","title":{"rendered":"Fantezii cu ciocolat\u0103 \u0219i caramel"},"content":{"rendered":"<div class=\"eltdf-row-grid-section\"><div class=\"vc_row wpb_row vc_row-fluid eltdf-row-type-row\" style=\"\"><div class=\"wpb_column vc_column_container vc_col-sm-12 vc_hidden-sm vc_hidden-xs\"><div class=\"vc_column-inner vc_custom_1713382403317\"><div class=\"wpb_wrapper\">\n\t<div  class=\"wpb_single_image wpb_content_element vc_align_left\">\n\t\t\n\t\t<figure class=\"wpb_wrapper vc_figure\">\n\t\t\t<div class=\"vc_single_image-wrapper   vc_box_border_grey\"><img loading=\"lazy\" decoding=\"async\" width=\"2400\" height=\"1430\" src=\"https:\/\/orkla.ro\/b2b\/wp-content\/uploads\/2024\/05\/header-reteta-38.jpg\" class=\"vc_single_image-img attachment-full\" alt=\"\" srcset=\"https:\/\/orkla.ro\/b2b\/wp-content\/uploads\/2024\/05\/header-reteta-38.jpg 2400w, https:\/\/orkla.ro\/b2b\/wp-content\/uploads\/2024\/05\/header-reteta-38-300x179.jpg 300w, https:\/\/orkla.ro\/b2b\/wp-content\/uploads\/2024\/05\/header-reteta-38-1024x610.jpg 1024w, https:\/\/orkla.ro\/b2b\/wp-content\/uploads\/2024\/05\/header-reteta-38-768x458.jpg 768w, https:\/\/orkla.ro\/b2b\/wp-content\/uploads\/2024\/05\/header-reteta-38-1536x915.jpg 1536w, https:\/\/orkla.ro\/b2b\/wp-content\/uploads\/2024\/05\/header-reteta-38-18x12.jpg 18w, https:\/\/orkla.ro\/b2b\/wp-content\/uploads\/2024\/05\/header-reteta-38-600x358.jpg 600w\" sizes=\"auto, (max-width: 2400px) 100vw, 2400px\" \/><\/div>\n\t\t<\/figure>\n\t<\/div>\n\n\t<div  class=\"wpb_single_image wpb_content_element vc_align_center  vc_custom_1715896822822\">\n\t\t\n\t\t<figure class=\"wpb_wrapper vc_figure\">\n\t\t\t<div class=\"vc_single_image-wrapper   vc_box_border_grey\"><img loading=\"lazy\" decoding=\"async\" width=\"888\" height=\"200\" src=\"https:\/\/orkla.ro\/b2b\/wp-content\/uploads\/2024\/05\/pasi-54.png\" class=\"vc_single_image-img attachment-full\" alt=\"\" srcset=\"https:\/\/orkla.ro\/b2b\/wp-content\/uploads\/2024\/05\/pasi-54.png 888w, https:\/\/orkla.ro\/b2b\/wp-content\/uploads\/2024\/05\/pasi-54-300x68.png 300w, https:\/\/orkla.ro\/b2b\/wp-content\/uploads\/2024\/05\/pasi-54-768x173.png 768w, https:\/\/orkla.ro\/b2b\/wp-content\/uploads\/2024\/05\/pasi-54-18x4.png 18w, https:\/\/orkla.ro\/b2b\/wp-content\/uploads\/2024\/05\/pasi-54-600x135.png 600w\" sizes=\"auto, (max-width: 888px) 100vw, 888px\" \/><\/div>\n\t\t<\/figure>\n\t<\/div>\n<\/div><\/div><\/div><\/div><\/div><div class=\"eltdf-row-grid-section\"><div id=\"content-desktop\" class=\"vc_row wpb_row vc_row-fluid vc_custom_1715094065651 vc_row-has-fill eltdf-row-type-row\" style=\"\"><div class=\"wpb_column vc_column_container vc_col-sm-1\/5 vc_hidden-sm vc_hidden-xs\"><div class=\"vc_column-inner vc_custom_1713382218154\"><div class=\"wpb_wrapper\"><div  class=\"vc_wp_text wpb_content_element\"><div class=\"widget widget_text\">\t\t\t<div class=\"textwidget\"><\/p>\n<h2>Preparare blat toffee<\/h2>\n<p><strong>Credi<sup class=\"regtm\">\u00ae<\/sup>Softcake Toffe<\/strong>e 330 g<br \/>\n<strong>Ou\u0103<\/strong> 120 g<br \/>\n<strong>Ulei<\/strong> 130 g<br \/>\n<strong>Ap\u0103<\/strong> 100 g<br \/>\n_______________________<br \/>\n<strong>Total<\/strong> 680 g<\/p>\n<p>\u2022 Se pun \u00een cuva mixerului ingredientele fluide, apoi premixul.<br \/>\n\u2022 Se mixeaz\u0103 lent, cu ajutorul paletei, timp de maxim 2 min. p\u00e2n\u0103 se ob\u021bine o past\u0103 omogen\u0103.<br \/>\n\u2022 Compozi\u021bia se toarn\u0103 \u00eentr-o tav\u0103 cu dimensiunea 30&#215;40 cm.<br \/>\n\u2022 Coacere: 180\u00b0C\/ aprox. 11 min<\/p>\n<\/div>\n\t\t<\/div><\/div><\/div><\/div><\/div><div class=\"wpb_column vc_column_container vc_col-sm-1\/5 vc_hidden-sm vc_hidden-xs\"><div class=\"vc_column-inner vc_custom_1715112030689\"><div class=\"wpb_wrapper\"><div  class=\"vc_wp_text wpb_content_element\"><div class=\"widget widget_text\">\t\t\t<div class=\"textwidget\"><\/p>\n<h2>Preparare mousse ciocolat\u0103 cu lapte<\/h2>\n<p><strong>Lapte<\/strong> 190 g<br \/>\n<strong>G\u0103lbenu\u0219<\/strong> 45 g<br \/>\n<strong>Zah\u0103r<\/strong> 35 g<br \/>\n<strong>Ciocolat\u0103 cu lapte<\/strong> 130 g<br \/>\n<strong>Cremento Caramel Gold<\/strong> 130 g<br \/>\n<strong>Fri\u0219c\u0103<\/strong> 260 g<br \/>\n<strong>Ap\u0103 pt. gelatin\u0103<\/strong> 50 g<br \/>\n<strong>Gelatin\u0103<\/strong> 10 g<br \/>\n______________________<br \/>\n<strong>Total<\/strong> 850 g<\/p>\n<p>\u2022 Se fierbe laptele, se adaug\u0103 g\u0103lbenu\u0219ul b\u0103tut cu zah\u0103rul \u0219i se ia de pe foc. Apoi se las\u0103 compozi\u021bia la temperat 5-10 min.<br \/>\n\u2022 Se adaug\u0103 pe r\u00e2nd gelatina hidratat\u0103, ciocolata topit\u0103, crema caramel \u0219i fri\u0219ca semi-b\u0103tut\u0103<\/p>\n<\/div>\n\t\t<\/div><\/div><\/div><\/div><\/div><div class=\"wpb_column vc_column_container vc_col-sm-1\/5\"><div class=\"vc_column-inner\"><div class=\"wpb_wrapper\"><div  class=\"vc_wp_text wpb_content_element\"><div class=\"widget widget_text\">\t\t\t<div class=\"textwidget\"><\/p>\n<h2>Preparare umplutur\u0103 crocant\u0103<\/h2>\n<p><strong>Cremento Sacher<\/strong> 300 g<br \/>\n<strong>Ciocolat\u0103 neagr\u0103<\/strong> 80% 80 g<br \/>\n<strong>Fulgi de porumb<\/strong> 80 g<br \/>\n______________________<br \/>\n<strong>Total<\/strong> 460 g<\/p>\n<p>Se \u00eenc\u0103lzesc ciocolata \u0219i crema la 30-40\u00b0C \u0219i se adaug\u0103 fulgii de porumb. Omogenizare.<\/p>\n<\/div>\n\t\t<\/div><\/div><\/div><\/div><\/div><div class=\"wpb_column vc_column_container vc_col-sm-1\/5\"><div class=\"vc_column-inner\"><div class=\"wpb_wrapper\"><div  class=\"vc_wp_text wpb_content_element\"><div class=\"widget widget_text\">\t\t\t<div class=\"textwidget\"><\/p>\n<h2>Preparare glazur\u0103 oglinda<\/h2>\n<p><strong>Ciocolat\u0103 lapte<\/strong> 150 g<br \/>\n<strong>Creline<\/strong> 75 g<br \/>\n<strong>Credi<sup class=\"regtm\">\u00ae<\/sup>Shineglaze Caramel<\/strong> 225 g<br \/>\n<strong>Gelatin\u0103<\/strong> 5 g<br \/>\n______________________<br \/>\n<strong>Total<\/strong> 455 g<\/p>\n<p>\u2022 Se aduce crema vegetal\u0103 Creline la fierbere, se adaug\u0103 ciocolata \u0219i se amestec\u0103 p\u00e2n\u0103 la omogenizare.<br \/>\n\u2022 Se adaug\u0103 Credi<sup class=\"regtm\">\u00ae<\/sup>Shineglaze Caramel \u0219i, la final, gelatina hidratat\u0103 \u0219i topit\u0103 Omogenizare.<\/p>\n<\/div>\n\t\t<\/div><\/div><\/div><\/div><\/div><div class=\"wpb_column vc_column_container vc_col-sm-1\/5\"><div class=\"vc_column-inner\"><div class=\"wpb_wrapper\"><div  class=\"vc_wp_text wpb_content_element\"><div class=\"widget widget_text\">\t\t\t<div class=\"textwidget\"><\/p>\n<h2>Finisare pr\u0103jitur\u0103<\/h2>\n<p>\u2022 Se toarn\u0103 mousse \u00een interiorul formelor semi-sferice p\u00e2n\u0103 la jum\u0103tatea lor.<br \/>\n\u2022 Se introduce cu o linguri\u021b\u0103 umplutura crocant\u0103, apoi se umplu formele cu restul de mousse.<br \/>\n\u2022 Din blatul de toffee se decupeaz\u0103 capace la diametrul formei \u0219i se a\u0219eaz\u0103 pe fiecare monopor\u021bie. Se congeleaz\u0103.<br \/>\n\u2022 Pr\u0103jiturile congelate se scot din forme, se a\u0219eaz\u0103 pe gr\u0103tar \u0219i se glazureaz\u0103. Se decoreaz\u0103 dup\u0103 preferin\u021b\u0103.<\/p>\n<\/div>\n\t\t<\/div><\/div><\/div><\/div><\/div><\/div><\/div><div class=\"eltdf-row-grid-section\"><div class=\"vc_row wpb_row vc_row-fluid vc_custom_1715095307173 vc_row-has-fill eltdf-row-type-row\" style=\"\"><div class=\"wpb_column vc_column_container vc_col-sm-3 vc_hidden-sm vc_hidden-xs\"><div class=\"vc_column-inner\"><div class=\"wpb_wrapper\"><div class=\"woocommerce \"><ul class=\"products columns-4\">\n<li class=\"product type-product post-352220 status-publish first instock product_cat-amestecuri-si-amelioratori-pentru-prajituri has-post-thumbnail shipping-taxable purchasable product-type-simple\">\n\t<div class=\"eltdf-pl-inner\"><div class=\"eltdf-pl-image\"><img loading=\"lazy\" decoding=\"async\" width=\"300\" height=\"300\" src=\"https:\/\/orkla.ro\/b2b\/wp-content\/uploads\/2024\/05\/CREDI-Cake-Toffee-300x300.jpg\" class=\"attachment-woocommerce_thumbnail size-woocommerce_thumbnail\" alt=\"Credi\u00ae Softcake Toffee\" srcset=\"https:\/\/orkla.ro\/b2b\/wp-content\/uploads\/2024\/05\/CREDI-Cake-Toffee-300x300.jpg 300w, https:\/\/orkla.ro\/b2b\/wp-content\/uploads\/2024\/05\/CREDI-Cake-Toffee-1024x1024.jpg 1024w, https:\/\/orkla.ro\/b2b\/wp-content\/uploads\/2024\/05\/CREDI-Cake-Toffee-150x150.jpg 150w, https:\/\/orkla.ro\/b2b\/wp-content\/uploads\/2024\/05\/CREDI-Cake-Toffee-768x768.jpg 768w, https:\/\/orkla.ro\/b2b\/wp-content\/uploads\/2024\/05\/CREDI-Cake-Toffee-12x12.jpg 12w, https:\/\/orkla.ro\/b2b\/wp-content\/uploads\/2024\/05\/CREDI-Cake-Toffee-550x550.jpg 550w, https:\/\/orkla.ro\/b2b\/wp-content\/uploads\/2024\/05\/CREDI-Cake-Toffee-600x600.jpg 600w, https:\/\/orkla.ro\/b2b\/wp-content\/uploads\/2024\/05\/CREDI-Cake-Toffee-200x200.jpg 200w, https:\/\/orkla.ro\/b2b\/wp-content\/uploads\/2024\/05\/CREDI-Cake-Toffee.jpg 1029w\" sizes=\"auto, (max-width: 300px) 100vw, 300px\" \/><div class=\"eltdf-pl-text\"><div class=\"eltdf-pl-text-outer\"><div class=\"eltdf-pl-text-inner\"><a href=\"?add-to-cart=352220\" aria-describedby=\"woocommerce_loop_add_to_cart_link_describedby_352220\" data-quantity=\"1\" class=\"button product_type_simple add_to_cart_button ajax_add_to_cart\" data-product_id=\"352220\" data-product_sku=\"\" aria-label=\"Adaug\u0103 \u00een co\u0219: &amp;lbquo;Credi\u00ae Softcake Toffee&rdquo;\" rel=\"nofollow\" data-success_message=\"&bdquo;Credi\u00ae Softcake Toffee&rdquo; a fost ad\u0103ugat \u00een co\u0219\">Mai Multe informa\u021bii<\/a>\t<span id=\"woocommerce_loop_add_to_cart_link_describedby_352220\" class=\"screen-reader-text\">\n\t\t\t<\/span>\n<\/div><\/div><\/div><\/div><a href=\"https:\/\/orkla.ro\/b2b\/index.php\/product\/credi-softcake-toffee\/\" class=\"woocommerce-LoopProduct-link woocommerce-loop-product__link\"><\/a><\/div><div class=\"eltdf-pl-text-wrapper\"><h4 class=\"eltdf-product-list-title\"><a href=\"https:\/\/orkla.ro\/b2b\/index.php\/product\/credi-softcake-toffee\/\">Credi\u00ae Softcake Toffee<\/a><\/h4>\n\t<span class=\"price\"><span class=\"woocommerce-Price-amount amount\"><bdi><span class=\"woocommerce-Price-currencySymbol\">&#36;<\/span>0.00<\/bdi><\/span><\/span>\n<\/div><\/li>\n<\/ul>\n<\/div><\/div><\/div><\/div><div class=\"wpb_column vc_column_container vc_col-sm-3 vc_hidden-sm vc_hidden-xs\"><div class=\"vc_column-inner\"><div class=\"wpb_wrapper\"><div class=\"woocommerce \"><ul class=\"products columns-4\">\n<li class=\"product type-product post-352185 status-publish first instock product_cat-custard has-post-thumbnail shipping-taxable purchasable product-type-simple\">\n\t<div class=\"eltdf-pl-inner\"><div class=\"eltdf-pl-image\"><img loading=\"lazy\" decoding=\"async\" width=\"300\" height=\"300\" src=\"https:\/\/orkla.ro\/b2b\/wp-content\/uploads\/2024\/05\/CREMENTO-Sacher_6-kg-300x300.jpg\" class=\"attachment-woocommerce_thumbnail size-woocommerce_thumbnail\" alt=\"Cremento Sacher\" srcset=\"https:\/\/orkla.ro\/b2b\/wp-content\/uploads\/2024\/05\/CREMENTO-Sacher_6-kg-300x300.jpg 300w, https:\/\/orkla.ro\/b2b\/wp-content\/uploads\/2024\/05\/CREMENTO-Sacher_6-kg-1024x1024.jpg 1024w, https:\/\/orkla.ro\/b2b\/wp-content\/uploads\/2024\/05\/CREMENTO-Sacher_6-kg-150x150.jpg 150w, https:\/\/orkla.ro\/b2b\/wp-content\/uploads\/2024\/05\/CREMENTO-Sacher_6-kg-768x768.jpg 768w, https:\/\/orkla.ro\/b2b\/wp-content\/uploads\/2024\/05\/CREMENTO-Sacher_6-kg-12x12.jpg 12w, https:\/\/orkla.ro\/b2b\/wp-content\/uploads\/2024\/05\/CREMENTO-Sacher_6-kg-550x550.jpg 550w, https:\/\/orkla.ro\/b2b\/wp-content\/uploads\/2024\/05\/CREMENTO-Sacher_6-kg-600x600.jpg 600w, https:\/\/orkla.ro\/b2b\/wp-content\/uploads\/2024\/05\/CREMENTO-Sacher_6-kg-200x200.jpg 200w, https:\/\/orkla.ro\/b2b\/wp-content\/uploads\/2024\/05\/CREMENTO-Sacher_6-kg.jpg 1234w\" sizes=\"auto, (max-width: 300px) 100vw, 300px\" \/><div class=\"eltdf-pl-text\"><div class=\"eltdf-pl-text-outer\"><div class=\"eltdf-pl-text-inner\"><a href=\"?add-to-cart=352185\" aria-describedby=\"woocommerce_loop_add_to_cart_link_describedby_352185\" data-quantity=\"1\" class=\"button product_type_simple add_to_cart_button ajax_add_to_cart\" data-product_id=\"352185\" data-product_sku=\"\" aria-label=\"Adaug\u0103 \u00een co\u0219: &amp;lbquo;Cremento Sacher&rdquo;\" rel=\"nofollow\" data-success_message=\"&bdquo;Cremento Sacher&rdquo; a fost ad\u0103ugat \u00een co\u0219\">Mai Multe informa\u021bii<\/a>\t<span id=\"woocommerce_loop_add_to_cart_link_describedby_352185\" class=\"screen-reader-text\">\n\t\t\t<\/span>\n<\/div><\/div><\/div><\/div><a href=\"https:\/\/orkla.ro\/b2b\/index.php\/product\/cremento-sacher\/\" class=\"woocommerce-LoopProduct-link woocommerce-loop-product__link\"><\/a><\/div><div class=\"eltdf-pl-text-wrapper\"><h4 class=\"eltdf-product-list-title\"><a href=\"https:\/\/orkla.ro\/b2b\/index.php\/product\/cremento-sacher\/\">Cremento Sacher<\/a><\/h4>\n\t<span class=\"price\"><span class=\"woocommerce-Price-amount amount\"><bdi><span class=\"woocommerce-Price-currencySymbol\">&#36;<\/span>0.00<\/bdi><\/span><\/span>\n<\/div><\/li>\n<\/ul>\n<\/div><\/div><\/div><\/div><div class=\"wpb_column vc_column_container vc_col-sm-3 vc_hidden-sm vc_hidden-xs\"><div class=\"vc_column-inner\"><div class=\"wpb_wrapper\"><div class=\"woocommerce \"><ul class=\"products columns-4\">\n<li class=\"product type-product post-352252 status-publish first instock product_cat-glazuri-si-geluri has-post-thumbnail shipping-taxable purchasable product-type-simple\">\n\t<div class=\"eltdf-pl-inner\"><div class=\"eltdf-pl-image\"><img loading=\"lazy\" decoding=\"async\" width=\"300\" height=\"300\" src=\"https:\/\/orkla.ro\/b2b\/wp-content\/uploads\/2024\/05\/CREDI-Shine-glaze-Caramel-300x300.jpg\" class=\"attachment-woocommerce_thumbnail size-woocommerce_thumbnail\" alt=\"Credi\u00ae Shine Glaze Caramel\" srcset=\"https:\/\/orkla.ro\/b2b\/wp-content\/uploads\/2024\/05\/CREDI-Shine-glaze-Caramel-300x300.jpg 300w, https:\/\/orkla.ro\/b2b\/wp-content\/uploads\/2024\/05\/CREDI-Shine-glaze-Caramel-1024x1024.jpg 1024w, https:\/\/orkla.ro\/b2b\/wp-content\/uploads\/2024\/05\/CREDI-Shine-glaze-Caramel-150x150.jpg 150w, https:\/\/orkla.ro\/b2b\/wp-content\/uploads\/2024\/05\/CREDI-Shine-glaze-Caramel-768x768.jpg 768w, https:\/\/orkla.ro\/b2b\/wp-content\/uploads\/2024\/05\/CREDI-Shine-glaze-Caramel-12x12.jpg 12w, https:\/\/orkla.ro\/b2b\/wp-content\/uploads\/2024\/05\/CREDI-Shine-glaze-Caramel-550x550.jpg 550w, https:\/\/orkla.ro\/b2b\/wp-content\/uploads\/2024\/05\/CREDI-Shine-glaze-Caramel-600x600.jpg 600w, https:\/\/orkla.ro\/b2b\/wp-content\/uploads\/2024\/05\/CREDI-Shine-glaze-Caramel-200x200.jpg 200w, https:\/\/orkla.ro\/b2b\/wp-content\/uploads\/2024\/05\/CREDI-Shine-glaze-Caramel.jpg 1200w\" sizes=\"auto, (max-width: 300px) 100vw, 300px\" \/><div class=\"eltdf-pl-text\"><div class=\"eltdf-pl-text-outer\"><div class=\"eltdf-pl-text-inner\"><a href=\"?add-to-cart=352252\" aria-describedby=\"woocommerce_loop_add_to_cart_link_describedby_352252\" data-quantity=\"1\" class=\"button product_type_simple add_to_cart_button ajax_add_to_cart\" data-product_id=\"352252\" data-product_sku=\"\" aria-label=\"Adaug\u0103 \u00een co\u0219: &amp;lbquo;Credi\u00ae Shine Glaze Caramel&rdquo;\" rel=\"nofollow\" data-success_message=\"&bdquo;Credi\u00ae Shine Glaze Caramel&rdquo; a fost ad\u0103ugat \u00een co\u0219\">Mai Multe informa\u021bii<\/a>\t<span id=\"woocommerce_loop_add_to_cart_link_describedby_352252\" class=\"screen-reader-text\">\n\t\t\t<\/span>\n<\/div><\/div><\/div><\/div><a href=\"https:\/\/orkla.ro\/b2b\/index.php\/product\/credi-shine-glaze-caramel\/\" class=\"woocommerce-LoopProduct-link woocommerce-loop-product__link\"><\/a><\/div><div class=\"eltdf-pl-text-wrapper\"><h4 class=\"eltdf-product-list-title\"><a href=\"https:\/\/orkla.ro\/b2b\/index.php\/product\/credi-shine-glaze-caramel\/\">Credi\u00ae Shine Glaze Caramel<\/a><\/h4>\n\t<span class=\"price\"><span class=\"woocommerce-Price-amount amount\"><bdi><span class=\"woocommerce-Price-currencySymbol\">&#36;<\/span>0.00<\/bdi><\/span><\/span>\n<\/div><\/li>\n<\/ul>\n<\/div><\/div><\/div><\/div><div class=\"wpb_column vc_column_container vc_col-sm-3 vc_hidden-sm vc_hidden-xs\"><div class=\"vc_column-inner\"><div class=\"wpb_wrapper\"><\/div><\/div><\/div><\/div><\/div><div id=\"image-mobile\" class=\"vc_row wpb_row vc_row-fluid vc_custom_1713717305308 eltdf-row-type-row\" style=\"\"><div class=\"wpb_column vc_column_container vc_col-sm-12 vc_hidden-lg vc_hidden-md\"><div class=\"vc_column-inner vc_custom_1713380711047\"><div class=\"wpb_wrapper\">\n\t<div  class=\"wpb_single_image wpb_content_element vc_align_center   classwidth\">\n\t\t\n\t\t<figure class=\"wpb_wrapper vc_figure\">\n\t\t\t<div class=\"vc_single_image-wrapper   vc_box_border_grey\"><img loading=\"lazy\" decoding=\"async\" width=\"1168\" height=\"2560\" src=\"https:\/\/orkla.ro\/b2b\/wp-content\/uploads\/2024\/05\/header-reteta-mobile-42-scaled.jpg\" class=\"vc_single_image-img attachment-full\" alt=\"\" srcset=\"https:\/\/orkla.ro\/b2b\/wp-content\/uploads\/2024\/05\/header-reteta-mobile-42-scaled.jpg 1168w, https:\/\/orkla.ro\/b2b\/wp-content\/uploads\/2024\/05\/header-reteta-mobile-42-137x300.jpg 137w, https:\/\/orkla.ro\/b2b\/wp-content\/uploads\/2024\/05\/header-reteta-mobile-42-467x1024.jpg 467w, https:\/\/orkla.ro\/b2b\/wp-content\/uploads\/2024\/05\/header-reteta-mobile-42-768x1684.jpg 768w, https:\/\/orkla.ro\/b2b\/wp-content\/uploads\/2024\/05\/header-reteta-mobile-42-701x1536.jpg 701w, https:\/\/orkla.ro\/b2b\/wp-content\/uploads\/2024\/05\/header-reteta-mobile-42-934x2048.jpg 934w, https:\/\/orkla.ro\/b2b\/wp-content\/uploads\/2024\/05\/header-reteta-mobile-42-5x12.jpg 5w, https:\/\/orkla.ro\/b2b\/wp-content\/uploads\/2024\/05\/header-reteta-mobile-42-600x1316.jpg 600w\" sizes=\"auto, (max-width: 1168px) 100vw, 1168px\" \/><\/div>\n\t\t<\/figure>\n\t<\/div>\n\n\t<div  class=\"wpb_single_image wpb_content_element vc_align_center  vc_custom_1715896877251\">\n\t\t\n\t\t<figure class=\"wpb_wrapper vc_figure\">\n\t\t\t<div class=\"vc_single_image-wrapper   vc_box_border_grey\"><img loading=\"lazy\" decoding=\"async\" width=\"888\" height=\"200\" src=\"https:\/\/orkla.ro\/b2b\/wp-content\/uploads\/2024\/05\/pasi-55.png\" class=\"vc_single_image-img attachment-full\" alt=\"\" srcset=\"https:\/\/orkla.ro\/b2b\/wp-content\/uploads\/2024\/05\/pasi-55.png 888w, https:\/\/orkla.ro\/b2b\/wp-content\/uploads\/2024\/05\/pasi-55-300x68.png 300w, https:\/\/orkla.ro\/b2b\/wp-content\/uploads\/2024\/05\/pasi-55-768x173.png 768w, https:\/\/orkla.ro\/b2b\/wp-content\/uploads\/2024\/05\/pasi-55-18x4.png 18w, https:\/\/orkla.ro\/b2b\/wp-content\/uploads\/2024\/05\/pasi-55-600x135.png 600w\" sizes=\"auto, (max-width: 888px) 100vw, 888px\" \/><\/div>\n\t\t<\/figure>\n\t<\/div>\n<\/div><\/div><\/div><\/div><div class=\"eltdf-row-grid-section\"><div class=\"vc_row wpb_row vc_row-fluid vc_custom_1715509540678 vc_row-has-fill eltdf-row-type-row\" style=\"\"><div class=\"wpb_column vc_column_container vc_col-sm-1\/5 vc_hidden-lg vc_hidden-md\"><div class=\"vc_column-inner vc_custom_1715509559409\"><div class=\"wpb_wrapper\"><div  class=\"vc_wp_text wpb_content_element\"><div class=\"widget widget_text\">\t\t\t<div class=\"textwidget\"><\/p>\n<h2>Preparare blat toffee<\/h2>\n<p><strong>Credi<sup class=\"regtm\">\u00ae<\/sup>Softcake Toffe<\/strong>e 330 g<br \/>\n<strong>Ou\u0103<\/strong> 120 g<br \/>\n<strong>Ulei<\/strong> 130 g<br \/>\n<strong>Ap\u0103<\/strong> 100 g<br \/>\n_______________________<br \/>\n<strong>Total<\/strong> 680 g<\/p>\n<p>\u2022 Se pun \u00een cuva mixerului ingredientele fluide, apoi premixul.<br \/>\n\u2022 Se mixeaz\u0103 lent, cu ajutorul paletei, timp de maxim 2 min. p\u00e2n\u0103 se ob\u021bine o past\u0103 omogen\u0103.<br \/>\n\u2022 Compozi\u021bia se toarn\u0103 \u00eentr-o tav\u0103 cu dimensiunea 30&#215;40 cm.<br \/>\n\u2022 Coacere: 180\u00b0C\/ aprox. 11 min<\/p>\n<\/div>\n\t\t<\/div><\/div><\/div><\/div><\/div><div class=\"wpb_column vc_column_container vc_col-sm-1\/5 vc_hidden-lg vc_hidden-md\"><div class=\"vc_column-inner vc_custom_1715509569859\"><div class=\"wpb_wrapper\"><div  class=\"vc_wp_text wpb_content_element\"><div class=\"widget widget_text\">\t\t\t<div class=\"textwidget\"><\/p>\n<h2>Preparare mousse ciocolat\u0103 cu lapte<\/h2>\n<p><strong>Lapte<\/strong> 190 g<br \/>\n<strong>G\u0103lbenu\u0219<\/strong> 45 g<br \/>\n<strong>Zah\u0103r<\/strong> 35 g<br \/>\n<strong>Ciocolat\u0103 cu lapte<\/strong> 130 g<br \/>\n<strong>Cremento Caramel Gold<\/strong> 130 g<br \/>\n<strong>Fri\u0219c\u0103<\/strong> 260 g<br \/>\n<strong>Ap\u0103 pt. gelatin\u0103<\/strong> 50 g<br \/>\n<strong>Gelatin\u0103<\/strong> 10 g<br \/>\n______________________<br \/>\n<strong>Total<\/strong> 850 g<\/p>\n<p>\u2022 Se fierbe laptele, se adaug\u0103 g\u0103lbenu\u0219ul b\u0103tut cu zah\u0103rul \u0219i se ia de pe foc. Apoi se las\u0103 compozi\u021bia la temperat 5-10 min.<br \/>\n\u2022 Se adaug\u0103 pe r\u00e2nd gelatina hidratat\u0103, ciocolata topit\u0103, crema caramel \u0219i fri\u0219ca semi-b\u0103tut\u0103<\/p>\n<\/div>\n\t\t<\/div><\/div><\/div><\/div><\/div><div class=\"wpb_column vc_column_container vc_col-sm-1\/5 vc_hidden-lg vc_hidden-md\"><div class=\"vc_column-inner\"><div class=\"wpb_wrapper\"><div  class=\"vc_wp_text wpb_content_element\"><div class=\"widget widget_text\">\t\t\t<div class=\"textwidget\"><\/p>\n<h2>Preparare umplutur\u0103 crocant\u0103<\/h2>\n<p><strong>Cremento Sacher<\/strong> 300 g<br \/>\n<strong>Ciocolat\u0103 neagr\u0103<\/strong> 80% 80 g<br \/>\n<strong>Fulgi de porumb<\/strong> 80 g<br \/>\n______________________<br \/>\n<strong>Total<\/strong> 460 g<\/p>\n<p>Se \u00eenc\u0103lzesc ciocolata \u0219i crema la 30-40\u00b0C \u0219i se adaug\u0103 fulgii de porumb. Omogenizare.<\/p>\n<\/div>\n\t\t<\/div><\/div><\/div><\/div><\/div><div class=\"wpb_column vc_column_container vc_col-sm-1\/5 vc_hidden-lg vc_hidden-md\"><div class=\"vc_column-inner\"><div class=\"wpb_wrapper\"><div  class=\"vc_wp_text wpb_content_element\"><div class=\"widget widget_text\">\t\t\t<div class=\"textwidget\"><\/p>\n<h2>Preparare glazur\u0103 oglinda<\/h2>\n<p><strong>Ciocolat\u0103 lapte<\/strong> 150 g<br \/>\n<strong>Creline<\/strong> 75 g<br \/>\n<strong>Credi<sup class=\"regtm\">\u00ae<\/sup>Shineglaze Caramel<\/strong> 225 g<br \/>\n<strong>Gelatin\u0103<\/strong> 5 g<br \/>\n______________________<br \/>\n<strong>Total<\/strong> 455 g<\/p>\n<p>\u2022 Se aduce crema vegetal\u0103 Creline la fierbere, se adaug\u0103 ciocolata \u0219i se amestec\u0103 p\u00e2n\u0103 la omogenizare.<br \/>\n\u2022 Se adaug\u0103 Credi<sup class=\"regtm\">\u00ae<\/sup>Shineglaze Caramel \u0219i, la final, gelatina hidratat\u0103 \u0219i topit\u0103 Omogenizare.<\/p>\n<\/div>\n\t\t<\/div><\/div><\/div><\/div><\/div><div class=\"wpb_column vc_column_container vc_col-sm-1\/5 vc_hidden-lg vc_hidden-md\"><div class=\"vc_column-inner\"><div class=\"wpb_wrapper\"><div  class=\"vc_wp_text wpb_content_element\"><div class=\"widget widget_text\">\t\t\t<div class=\"textwidget\"><\/p>\n<h2>Finisare pr\u0103jitur\u0103<\/h2>\n<p>\u2022 Se toarn\u0103 mousse \u00een interiorul formelor semi-sferice p\u00e2n\u0103 la jum\u0103tatea lor.<br \/>\n\u2022 Se introduce cu o linguri\u021b\u0103 umplutura crocant\u0103, apoi se umplu formele cu restul de mousse.<br \/>\n\u2022 Din blatul de toffee se decupeaz\u0103 capace la diametrul formei \u0219i se a\u0219eaz\u0103 pe fiecare monopor\u021bie. Se congeleaz\u0103.<br \/>\n\u2022 Pr\u0103jiturile congelate se scot din forme, se a\u0219eaz\u0103 pe gr\u0103tar \u0219i se glazureaz\u0103. Se decoreaz\u0103 dup\u0103 preferin\u021b\u0103.<\/p>\n<\/div>\n\t\t<\/div><\/div><\/div><\/div><\/div><\/div><\/div><div id=\"produse-mobile\" class=\"vc_row wpb_row vc_row-fluid vc_custom_1715096675430 vc_row-has-fill eltdf-row-type-row\" style=\"\"><div class=\"wpb_column vc_column_container vc_col-sm-3 vc_hidden-lg vc_hidden-md\"><div class=\"vc_column-inner\"><div class=\"wpb_wrapper\"><div class=\"woocommerce \"><ul class=\"products columns-4\">\n<li class=\"product type-product post-352220 status-publish first instock product_cat-amestecuri-si-amelioratori-pentru-prajituri has-post-thumbnail shipping-taxable purchasable product-type-simple\">\n\t<div class=\"eltdf-pl-inner\"><div class=\"eltdf-pl-image\"><img loading=\"lazy\" decoding=\"async\" width=\"300\" height=\"300\" src=\"https:\/\/orkla.ro\/b2b\/wp-content\/uploads\/2024\/05\/CREDI-Cake-Toffee-300x300.jpg\" class=\"attachment-woocommerce_thumbnail size-woocommerce_thumbnail\" alt=\"Credi\u00ae Softcake Toffee\" srcset=\"https:\/\/orkla.ro\/b2b\/wp-content\/uploads\/2024\/05\/CREDI-Cake-Toffee-300x300.jpg 300w, https:\/\/orkla.ro\/b2b\/wp-content\/uploads\/2024\/05\/CREDI-Cake-Toffee-1024x1024.jpg 1024w, https:\/\/orkla.ro\/b2b\/wp-content\/uploads\/2024\/05\/CREDI-Cake-Toffee-150x150.jpg 150w, https:\/\/orkla.ro\/b2b\/wp-content\/uploads\/2024\/05\/CREDI-Cake-Toffee-768x768.jpg 768w, https:\/\/orkla.ro\/b2b\/wp-content\/uploads\/2024\/05\/CREDI-Cake-Toffee-12x12.jpg 12w, https:\/\/orkla.ro\/b2b\/wp-content\/uploads\/2024\/05\/CREDI-Cake-Toffee-550x550.jpg 550w, https:\/\/orkla.ro\/b2b\/wp-content\/uploads\/2024\/05\/CREDI-Cake-Toffee-600x600.jpg 600w, https:\/\/orkla.ro\/b2b\/wp-content\/uploads\/2024\/05\/CREDI-Cake-Toffee-200x200.jpg 200w, https:\/\/orkla.ro\/b2b\/wp-content\/uploads\/2024\/05\/CREDI-Cake-Toffee.jpg 1029w\" sizes=\"auto, (max-width: 300px) 100vw, 300px\" \/><div class=\"eltdf-pl-text\"><div class=\"eltdf-pl-text-outer\"><div class=\"eltdf-pl-text-inner\"><a href=\"?add-to-cart=352220\" aria-describedby=\"woocommerce_loop_add_to_cart_link_describedby_352220\" data-quantity=\"1\" class=\"button product_type_simple add_to_cart_button ajax_add_to_cart\" data-product_id=\"352220\" data-product_sku=\"\" aria-label=\"Adaug\u0103 \u00een co\u0219: &amp;lbquo;Credi\u00ae Softcake Toffee&rdquo;\" rel=\"nofollow\" data-success_message=\"&bdquo;Credi\u00ae Softcake Toffee&rdquo; a fost ad\u0103ugat \u00een co\u0219\">Mai Multe informa\u021bii<\/a>\t<span id=\"woocommerce_loop_add_to_cart_link_describedby_352220\" class=\"screen-reader-text\">\n\t\t\t<\/span>\n<\/div><\/div><\/div><\/div><a href=\"https:\/\/orkla.ro\/b2b\/index.php\/product\/credi-softcake-toffee\/\" class=\"woocommerce-LoopProduct-link woocommerce-loop-product__link\"><\/a><\/div><div class=\"eltdf-pl-text-wrapper\"><h4 class=\"eltdf-product-list-title\"><a href=\"https:\/\/orkla.ro\/b2b\/index.php\/product\/credi-softcake-toffee\/\">Credi\u00ae Softcake Toffee<\/a><\/h4>\n\t<span class=\"price\"><span class=\"woocommerce-Price-amount amount\"><bdi><span class=\"woocommerce-Price-currencySymbol\">&#36;<\/span>0.00<\/bdi><\/span><\/span>\n<\/div><\/li>\n<\/ul>\n<\/div><\/div><\/div><\/div><div class=\"wpb_column vc_column_container vc_col-sm-3 vc_hidden-lg vc_hidden-md\"><div class=\"vc_column-inner\"><div class=\"wpb_wrapper\"><div class=\"woocommerce \"><ul class=\"products columns-4\">\n<li class=\"product type-product post-352185 status-publish first instock product_cat-custard has-post-thumbnail shipping-taxable purchasable product-type-simple\">\n\t<div class=\"eltdf-pl-inner\"><div class=\"eltdf-pl-image\"><img loading=\"lazy\" decoding=\"async\" width=\"300\" height=\"300\" src=\"https:\/\/orkla.ro\/b2b\/wp-content\/uploads\/2024\/05\/CREMENTO-Sacher_6-kg-300x300.jpg\" class=\"attachment-woocommerce_thumbnail size-woocommerce_thumbnail\" alt=\"Cremento Sacher\" srcset=\"https:\/\/orkla.ro\/b2b\/wp-content\/uploads\/2024\/05\/CREMENTO-Sacher_6-kg-300x300.jpg 300w, https:\/\/orkla.ro\/b2b\/wp-content\/uploads\/2024\/05\/CREMENTO-Sacher_6-kg-1024x1024.jpg 1024w, https:\/\/orkla.ro\/b2b\/wp-content\/uploads\/2024\/05\/CREMENTO-Sacher_6-kg-150x150.jpg 150w, https:\/\/orkla.ro\/b2b\/wp-content\/uploads\/2024\/05\/CREMENTO-Sacher_6-kg-768x768.jpg 768w, https:\/\/orkla.ro\/b2b\/wp-content\/uploads\/2024\/05\/CREMENTO-Sacher_6-kg-12x12.jpg 12w, https:\/\/orkla.ro\/b2b\/wp-content\/uploads\/2024\/05\/CREMENTO-Sacher_6-kg-550x550.jpg 550w, https:\/\/orkla.ro\/b2b\/wp-content\/uploads\/2024\/05\/CREMENTO-Sacher_6-kg-600x600.jpg 600w, https:\/\/orkla.ro\/b2b\/wp-content\/uploads\/2024\/05\/CREMENTO-Sacher_6-kg-200x200.jpg 200w, https:\/\/orkla.ro\/b2b\/wp-content\/uploads\/2024\/05\/CREMENTO-Sacher_6-kg.jpg 1234w\" sizes=\"auto, (max-width: 300px) 100vw, 300px\" \/><div class=\"eltdf-pl-text\"><div class=\"eltdf-pl-text-outer\"><div class=\"eltdf-pl-text-inner\"><a href=\"?add-to-cart=352185\" aria-describedby=\"woocommerce_loop_add_to_cart_link_describedby_352185\" data-quantity=\"1\" class=\"button product_type_simple add_to_cart_button ajax_add_to_cart\" data-product_id=\"352185\" data-product_sku=\"\" aria-label=\"Adaug\u0103 \u00een co\u0219: &amp;lbquo;Cremento Sacher&rdquo;\" rel=\"nofollow\" data-success_message=\"&bdquo;Cremento Sacher&rdquo; a fost ad\u0103ugat \u00een co\u0219\">Mai Multe informa\u021bii<\/a>\t<span id=\"woocommerce_loop_add_to_cart_link_describedby_352185\" class=\"screen-reader-text\">\n\t\t\t<\/span>\n<\/div><\/div><\/div><\/div><a href=\"https:\/\/orkla.ro\/b2b\/index.php\/product\/cremento-sacher\/\" class=\"woocommerce-LoopProduct-link woocommerce-loop-product__link\"><\/a><\/div><div class=\"eltdf-pl-text-wrapper\"><h4 class=\"eltdf-product-list-title\"><a href=\"https:\/\/orkla.ro\/b2b\/index.php\/product\/cremento-sacher\/\">Cremento Sacher<\/a><\/h4>\n\t<span class=\"price\"><span class=\"woocommerce-Price-amount amount\"><bdi><span class=\"woocommerce-Price-currencySymbol\">&#36;<\/span>0.00<\/bdi><\/span><\/span>\n<\/div><\/li>\n<\/ul>\n<\/div><\/div><\/div><\/div><div class=\"wpb_column vc_column_container vc_col-sm-3 vc_hidden-lg vc_hidden-md\"><div class=\"vc_column-inner\"><div class=\"wpb_wrapper\"><div class=\"woocommerce \"><ul class=\"products columns-4\">\n<li class=\"product type-product post-352252 status-publish first instock product_cat-glazuri-si-geluri has-post-thumbnail shipping-taxable purchasable product-type-simple\">\n\t<div class=\"eltdf-pl-inner\"><div class=\"eltdf-pl-image\"><img loading=\"lazy\" decoding=\"async\" width=\"300\" height=\"300\" src=\"https:\/\/orkla.ro\/b2b\/wp-content\/uploads\/2024\/05\/CREDI-Shine-glaze-Caramel-300x300.jpg\" class=\"attachment-woocommerce_thumbnail size-woocommerce_thumbnail\" alt=\"Credi\u00ae Shine Glaze Caramel\" srcset=\"https:\/\/orkla.ro\/b2b\/wp-content\/uploads\/2024\/05\/CREDI-Shine-glaze-Caramel-300x300.jpg 300w, https:\/\/orkla.ro\/b2b\/wp-content\/uploads\/2024\/05\/CREDI-Shine-glaze-Caramel-1024x1024.jpg 1024w, https:\/\/orkla.ro\/b2b\/wp-content\/uploads\/2024\/05\/CREDI-Shine-glaze-Caramel-150x150.jpg 150w, https:\/\/orkla.ro\/b2b\/wp-content\/uploads\/2024\/05\/CREDI-Shine-glaze-Caramel-768x768.jpg 768w, https:\/\/orkla.ro\/b2b\/wp-content\/uploads\/2024\/05\/CREDI-Shine-glaze-Caramel-12x12.jpg 12w, https:\/\/orkla.ro\/b2b\/wp-content\/uploads\/2024\/05\/CREDI-Shine-glaze-Caramel-550x550.jpg 550w, https:\/\/orkla.ro\/b2b\/wp-content\/uploads\/2024\/05\/CREDI-Shine-glaze-Caramel-600x600.jpg 600w, https:\/\/orkla.ro\/b2b\/wp-content\/uploads\/2024\/05\/CREDI-Shine-glaze-Caramel-200x200.jpg 200w, https:\/\/orkla.ro\/b2b\/wp-content\/uploads\/2024\/05\/CREDI-Shine-glaze-Caramel.jpg 1200w\" sizes=\"auto, (max-width: 300px) 100vw, 300px\" \/><div class=\"eltdf-pl-text\"><div class=\"eltdf-pl-text-outer\"><div class=\"eltdf-pl-text-inner\"><a href=\"?add-to-cart=352252\" aria-describedby=\"woocommerce_loop_add_to_cart_link_describedby_352252\" data-quantity=\"1\" class=\"button product_type_simple add_to_cart_button ajax_add_to_cart\" data-product_id=\"352252\" data-product_sku=\"\" aria-label=\"Adaug\u0103 \u00een co\u0219: &amp;lbquo;Credi\u00ae Shine Glaze Caramel&rdquo;\" rel=\"nofollow\" data-success_message=\"&bdquo;Credi\u00ae Shine Glaze Caramel&rdquo; a fost ad\u0103ugat \u00een co\u0219\">Mai Multe informa\u021bii<\/a>\t<span id=\"woocommerce_loop_add_to_cart_link_describedby_352252\" class=\"screen-reader-text\">\n\t\t\t<\/span>\n<\/div><\/div><\/div><\/div><a href=\"https:\/\/orkla.ro\/b2b\/index.php\/product\/credi-shine-glaze-caramel\/\" class=\"woocommerce-LoopProduct-link woocommerce-loop-product__link\"><\/a><\/div><div class=\"eltdf-pl-text-wrapper\"><h4 class=\"eltdf-product-list-title\"><a href=\"https:\/\/orkla.ro\/b2b\/index.php\/product\/credi-shine-glaze-caramel\/\">Credi\u00ae Shine Glaze Caramel<\/a><\/h4>\n\t<span class=\"price\"><span class=\"woocommerce-Price-amount amount\"><bdi><span class=\"woocommerce-Price-currencySymbol\">&#36;<\/span>0.00<\/bdi><\/span><\/span>\n<\/div><\/li>\n<\/ul>\n<\/div><\/div><\/div><\/div><div class=\"wpb_column vc_column_container vc_col-sm-3 vc_hidden-lg vc_hidden-md\"><div class=\"vc_column-inner\"><div class=\"wpb_wrapper\"><div class=\"woocommerce \"><ul class=\"products columns-4\">\n<li class=\"product type-product post-351152 status-publish first instock product_cat-umpluturi has-post-thumbnail shipping-taxable purchasable product-type-simple\">\n\t<div class=\"eltdf-pl-inner\"><div class=\"eltdf-pl-image\"><img loading=\"lazy\" decoding=\"async\" width=\"300\" height=\"300\" src=\"https:\/\/orkla.ro\/b2b\/wp-content\/uploads\/2024\/04\/44128_CU6OR_CREMENTO-NOCCIOLA_6-kg-300x300.jpg\" class=\"attachment-woocommerce_thumbnail size-woocommerce_thumbnail\" alt=\"Cremento Nocciola\" srcset=\"https:\/\/orkla.ro\/b2b\/wp-content\/uploads\/2024\/04\/44128_CU6OR_CREMENTO-NOCCIOLA_6-kg-300x300.jpg 300w, https:\/\/orkla.ro\/b2b\/wp-content\/uploads\/2024\/04\/44128_CU6OR_CREMENTO-NOCCIOLA_6-kg-150x150.jpg 150w, https:\/\/orkla.ro\/b2b\/wp-content\/uploads\/2024\/04\/44128_CU6OR_CREMENTO-NOCCIOLA_6-kg-768x768.jpg 768w, https:\/\/orkla.ro\/b2b\/wp-content\/uploads\/2024\/04\/44128_CU6OR_CREMENTO-NOCCIOLA_6-kg-12x12.jpg 12w, https:\/\/orkla.ro\/b2b\/wp-content\/uploads\/2024\/04\/44128_CU6OR_CREMENTO-NOCCIOLA_6-kg-550x550.jpg 550w, https:\/\/orkla.ro\/b2b\/wp-content\/uploads\/2024\/04\/44128_CU6OR_CREMENTO-NOCCIOLA_6-kg-600x600.jpg 600w, https:\/\/orkla.ro\/b2b\/wp-content\/uploads\/2024\/04\/44128_CU6OR_CREMENTO-NOCCIOLA_6-kg-200x200.jpg 200w, https:\/\/orkla.ro\/b2b\/wp-content\/uploads\/2024\/04\/44128_CU6OR_CREMENTO-NOCCIOLA_6-kg.jpg 1000w\" sizes=\"auto, (max-width: 300px) 100vw, 300px\" \/><div class=\"eltdf-pl-text\"><div class=\"eltdf-pl-text-outer\"><div class=\"eltdf-pl-text-inner\"><a href=\"?add-to-cart=351152\" aria-describedby=\"woocommerce_loop_add_to_cart_link_describedby_351152\" data-quantity=\"1\" class=\"button product_type_simple add_to_cart_button ajax_add_to_cart\" data-product_id=\"351152\" data-product_sku=\"\" aria-label=\"Adaug\u0103 \u00een co\u0219: &amp;lbquo;Cremento Nocciola&rdquo;\" rel=\"nofollow\" data-success_message=\"&bdquo;Cremento Nocciola&rdquo; a fost ad\u0103ugat \u00een co\u0219\">Mai Multe informa\u021bii<\/a>\t<span id=\"woocommerce_loop_add_to_cart_link_describedby_351152\" class=\"screen-reader-text\">\n\t\t\t<\/span>\n<\/div><\/div><\/div><\/div><a href=\"https:\/\/orkla.ro\/b2b\/index.php\/product\/cremento-nocciola\/\" class=\"woocommerce-LoopProduct-link woocommerce-loop-product__link\"><\/a><\/div><div class=\"eltdf-pl-text-wrapper\"><h4 class=\"eltdf-product-list-title\"><a href=\"https:\/\/orkla.ro\/b2b\/index.php\/product\/cremento-nocciola\/\">Cremento Nocciola<\/a><\/h4>\n\t<span class=\"price\"><span class=\"woocommerce-Price-amount amount\"><bdi><span class=\"woocommerce-Price-currencySymbol\">&#36;<\/span>0.00<\/bdi><\/span><\/span>\n<\/div><\/li>\n<\/ul>\n<\/div><\/div><\/div><\/div><\/div>\n","protected":false},"excerpt":{"rendered":"Preparare blat toffee Credi\u00aeSoftcake Toffee 330 g Ou\u0103 120 g Ulei 130 g Ap\u0103 100 g _______________________ Total 680 g \u2022 Se pun \u00een cuva mixerului ingredientele fluide, apoi premixul. \u2022 Se mixeaz\u0103 lent, cu ajutorul paletei, timp de maxim 2 min. p\u00e2n\u0103 se ob\u021bine o past\u0103 omogen\u0103. \u2022 Compozi\u021bia se toarn\u0103 \u00eentr-o tav\u0103 cu dimensiunea 30x40 cm. \u2022 Coacere: 180\u00b0C\/ aprox. 11 min Preparare mousse ciocolat\u0103 cu lapte Lapte 190 g G\u0103lbenu\u0219 45 g Zah\u0103r 35 g Ciocolat\u0103 cu lapte 130 g Cremento Caramel Gold 130 g Fri\u0219c\u0103 260 g Ap\u0103 pt. gelatin\u0103 50 g Gelatin\u0103 10 g ______________________ Total 850 g \u2022 Se fierbe laptele, se adaug\u0103 g\u0103lbenu\u0219ul b\u0103tut cu zah\u0103rul \u0219i se ia de pe foc. Apoi se las\u0103 compozi\u021bia la temperat 5-10 min. \u2022 Se adaug\u0103 pe r\u00e2nd gelatina hidratat\u0103, ciocolata topit\u0103, crema caramel \u0219i fri\u0219ca semi-b\u0103tut\u0103 Preparare umplutur\u0103 crocant\u0103 Cremento Sacher 300 g Ciocolat\u0103 neagr\u0103 [...]","protected":false},"author":1,"featured_media":352013,"parent":351601,"menu_order":0,"comment_status":"closed","ping_status":"closed","template":"full-width.php","meta":{"_acf_changed":false,"footnotes":""},"categories":[124],"tags":[],"class_list":["post-352006","page","type-page","status-publish","has-post-thumbnail","hentry","category-catalog-retete-candy-bar"],"acf":[],"_links":{"self":[{"href":"https:\/\/orkla.ro\/b2b\/index.php\/wp-json\/wp\/v2\/pages\/352006","targetHints":{"allow":["GET"]}}],"collection":[{"href":"https:\/\/orkla.ro\/b2b\/index.php\/wp-json\/wp\/v2\/pages"}],"about":[{"href":"https:\/\/orkla.ro\/b2b\/index.php\/wp-json\/wp\/v2\/types\/page"}],"author":[{"embeddable":true,"href":"https:\/\/orkla.ro\/b2b\/index.php\/wp-json\/wp\/v2\/users\/1"}],"replies":[{"embeddable":true,"href":"https:\/\/orkla.ro\/b2b\/index.php\/wp-json\/wp\/v2\/comments?post=352006"}],"version-history":[{"count":6,"href":"https:\/\/orkla.ro\/b2b\/index.php\/wp-json\/wp\/v2\/pages\/352006\/revisions"}],"predecessor-version":[{"id":352412,"href":"https:\/\/orkla.ro\/b2b\/index.php\/wp-json\/wp\/v2\/pages\/352006\/revisions\/352412"}],"up":[{"embeddable":true,"href":"https:\/\/orkla.ro\/b2b\/index.php\/wp-json\/wp\/v2\/pages\/351601"}],"wp:featuredmedia":[{"embeddable":true,"href":"https:\/\/orkla.ro\/b2b\/index.php\/wp-json\/wp\/v2\/media\/352013"}],"wp:attachment":[{"href":"https:\/\/orkla.ro\/b2b\/index.php\/wp-json\/wp\/v2\/media?parent=352006"}],"wp:term":[{"taxonomy":"category","embeddable":true,"href":"https:\/\/orkla.ro\/b2b\/index.php\/wp-json\/wp\/v2\/categories?post=352006"},{"taxonomy":"post_tag","embeddable":true,"href":"https:\/\/orkla.ro\/b2b\/index.php\/wp-json\/wp\/v2\/tags?post=352006"}],"curies":[{"name":"wp","href":"https:\/\/api.w.org\/{rel}","templated":true}]}}