{"id":351739,"date":"2024-05-13T15:48:23","date_gmt":"2024-05-13T15:48:23","guid":{"rendered":"https:\/\/orkla.ro\/orklab2b\/?page_id=351739"},"modified":"2024-05-19T18:03:08","modified_gmt":"2024-05-19T18:03:08","slug":"muffins-cu-gust-de-unt-si-crema-vanilie","status":"publish","type":"page","link":"https:\/\/orkla.ro\/b2b\/index.php\/evenimente-speciale-cake-bar\/muffins-cu-gust-de-unt-si-crema-vanilie\/","title":{"rendered":"MUFFINS cu gust de unt \u0218I CREM\u0102 VANILIE"},"content":{"rendered":"<div class=\"eltdf-row-grid-section\"><div class=\"vc_row wpb_row vc_row-fluid eltdf-row-type-row\" style=\"\"><div class=\"wpb_column vc_column_container vc_col-sm-12 vc_hidden-sm vc_hidden-xs\"><div class=\"vc_column-inner vc_custom_1713382403317\"><div class=\"wpb_wrapper\">\n\t<div  class=\"wpb_single_image wpb_content_element vc_align_left\">\n\t\t\n\t\t<figure class=\"wpb_wrapper vc_figure\">\n\t\t\t<div class=\"vc_single_image-wrapper   vc_box_border_grey\"><img loading=\"lazy\" decoding=\"async\" width=\"2400\" height=\"1430\" src=\"https:\/\/orkla.ro\/b2b\/wp-content\/uploads\/2024\/05\/header-reteta-12.jpg\" class=\"vc_single_image-img attachment-full\" alt=\"\" srcset=\"https:\/\/orkla.ro\/b2b\/wp-content\/uploads\/2024\/05\/header-reteta-12.jpg 2400w, https:\/\/orkla.ro\/b2b\/wp-content\/uploads\/2024\/05\/header-reteta-12-300x179.jpg 300w, https:\/\/orkla.ro\/b2b\/wp-content\/uploads\/2024\/05\/header-reteta-12-1024x610.jpg 1024w, https:\/\/orkla.ro\/b2b\/wp-content\/uploads\/2024\/05\/header-reteta-12-768x458.jpg 768w, https:\/\/orkla.ro\/b2b\/wp-content\/uploads\/2024\/05\/header-reteta-12-1536x915.jpg 1536w, https:\/\/orkla.ro\/b2b\/wp-content\/uploads\/2024\/05\/header-reteta-12-18x12.jpg 18w, https:\/\/orkla.ro\/b2b\/wp-content\/uploads\/2024\/05\/header-reteta-12-600x358.jpg 600w\" sizes=\"auto, (max-width: 2400px) 100vw, 2400px\" \/><\/div>\n\t\t<\/figure>\n\t<\/div>\n\n\t<div  class=\"wpb_single_image wpb_content_element vc_align_center  vc_custom_1715615550856\">\n\t\t\n\t\t<figure class=\"wpb_wrapper vc_figure\">\n\t\t\t<div class=\"vc_single_image-wrapper   vc_box_border_grey\"><img loading=\"lazy\" decoding=\"async\" width=\"1002\" height=\"200\" src=\"https:\/\/orkla.ro\/b2b\/wp-content\/uploads\/2024\/05\/pasi-21.png\" class=\"vc_single_image-img attachment-full\" alt=\"\" srcset=\"https:\/\/orkla.ro\/b2b\/wp-content\/uploads\/2024\/05\/pasi-21.png 1002w, https:\/\/orkla.ro\/b2b\/wp-content\/uploads\/2024\/05\/pasi-21-300x60.png 300w, https:\/\/orkla.ro\/b2b\/wp-content\/uploads\/2024\/05\/pasi-21-768x153.png 768w, https:\/\/orkla.ro\/b2b\/wp-content\/uploads\/2024\/05\/pasi-21-18x4.png 18w, https:\/\/orkla.ro\/b2b\/wp-content\/uploads\/2024\/05\/pasi-21-600x120.png 600w\" sizes=\"auto, (max-width: 1002px) 100vw, 1002px\" \/><\/div>\n\t\t<\/figure>\n\t<\/div>\n<\/div><\/div><\/div><\/div><\/div><div class=\"eltdf-row-grid-section\"><div id=\"content-desktop\" class=\"vc_row wpb_row vc_row-fluid vc_custom_1715094065651 vc_row-has-fill eltdf-row-type-row\" style=\"\"><div class=\"wpb_column vc_column_container vc_col-sm-6 vc_hidden-sm vc_hidden-xs\"><div class=\"vc_column-inner vc_custom_1713382218154\"><div class=\"wpb_wrapper\"><div  class=\"vc_wp_text wpb_content_element\"><div class=\"widget widget_text\">\t\t\t<div class=\"textwidget\"><\/p>\n<h2>Preparare compozi\u021bie<\/h2>\n<p><strong>Credi<sup><sup class=\"regtm\">\u00ae<\/sup><\/sup>Softcake Butterino<\/strong> 1000 g<br \/>\n<strong>Ulei floarea soarelui<\/strong> 300 g<br \/>\n<strong>Ou\u0103 (la temp. camerei)<\/strong> 360 g<br \/>\n<strong>Ap\u0103<\/strong> 360 g<br \/>\n____________________________<br \/>\n<strong>Total<\/strong> 2020 g<\/p>\n<p>\u2022 Se amestec\u0103 cu paleta mixerului toate ingredientele 2-3 min. la vitez\u0103 mic\u0103, p\u00e2n\u0103 se ob\u021bine o compozi\u021bie omogen\u0103.<br \/>\n\u2022 Se toarn\u0103 compozi\u021bia \u00een forme de h\u00e2rtie speciale<br \/>\n(aprox. 40 g\/ form\u0103).<br \/>\n\u2022 Coacere: 170\u00b0C\/ 13-16 min.<\/p>\n<\/div>\n\t\t<\/div><\/div><\/div><\/div><\/div><div class=\"wpb_column vc_column_container vc_col-sm-6 vc_hidden-sm vc_hidden-xs\"><div class=\"vc_column-inner vc_custom_1715112030689\"><div class=\"wpb_wrapper\"><div  class=\"vc_wp_text wpb_content_element\"><div class=\"widget widget_text\">\t\t\t<div class=\"textwidget\"><\/p>\n<h2>Preparare mousse-uri<\/h2>\n<p><strong>Credi<sup><sup class=\"regtm\">\u00ae<\/sup><\/sup>Crem Vanilie<\/strong> 60 g<br \/>\n<strong>Fri\u0219c\u0103<\/strong> 100 g<br \/>\n____________________________<br \/>\n<strong>Total<\/strong> 160 g<\/p>\n<p>\u2022 Se \u00eenc\u0103lze\u0219te laptele p\u00e2n\u0103 la 85\u00b0C. Se ia de pe foc \u0219i se adaug\u0103 g\u0103lbenu\u0219urile spumate anterior cu zah\u0103rul. Se omogenizeaz\u0103, apoi se adaug\u0103 \u0219igelatina hidratat\u0103 \u00een prealabil cu ap\u0103 rece.Cantitatea rezultat\u0103 se \u00eemparte \u00een dou\u0103 p\u0103r\u021bi de 315 g.<br \/>\n\u2022 O parte se omogenizeaz\u0103 cu 255 g crem\u0103 cu fisticCremento Pistachio \u0219i 255 g fri\u0219c\u0103 semispumat\u0103.<br \/>\n\u2022 A doua jum\u0103tate se omogenizeaz\u0103 cu 255 g ciocolat\u0103alb\u0103 \u0219i 255 g fri\u0219c\u0103 semispumat\u0103.<\/p>\n<\/div>\n\t\t<\/div><\/div><\/div><\/div><\/div><\/div><\/div><div class=\"eltdf-row-grid-section\"><div class=\"vc_row wpb_row vc_row-fluid vc_custom_1715095307173 vc_row-has-fill eltdf-row-type-row\" style=\"\"><div class=\"wpb_column vc_column_container vc_col-sm-3 vc_hidden-sm vc_hidden-xs\"><div class=\"vc_column-inner\"><div class=\"wpb_wrapper\"><div class=\"woocommerce \"><ul class=\"products columns-4\">\n<li class=\"product type-product post-352210 status-publish first instock product_cat-amestecuri-si-amelioratori-pentru-prajituri has-post-thumbnail shipping-taxable purchasable product-type-simple\">\n\t<div class=\"eltdf-pl-inner\"><div class=\"eltdf-pl-image\"><img loading=\"lazy\" decoding=\"async\" width=\"300\" height=\"300\" src=\"https:\/\/orkla.ro\/b2b\/wp-content\/uploads\/2024\/05\/CREDI-Butterino-300x300.jpg\" class=\"attachment-woocommerce_thumbnail size-woocommerce_thumbnail\" alt=\"Credi\u00ae Softcake Butterino\" srcset=\"https:\/\/orkla.ro\/b2b\/wp-content\/uploads\/2024\/05\/CREDI-Butterino-300x300.jpg 300w, https:\/\/orkla.ro\/b2b\/wp-content\/uploads\/2024\/05\/CREDI-Butterino-1024x1024.jpg 1024w, https:\/\/orkla.ro\/b2b\/wp-content\/uploads\/2024\/05\/CREDI-Butterino-150x150.jpg 150w, https:\/\/orkla.ro\/b2b\/wp-content\/uploads\/2024\/05\/CREDI-Butterino-768x768.jpg 768w, https:\/\/orkla.ro\/b2b\/wp-content\/uploads\/2024\/05\/CREDI-Butterino-12x12.jpg 12w, https:\/\/orkla.ro\/b2b\/wp-content\/uploads\/2024\/05\/CREDI-Butterino-550x550.jpg 550w, https:\/\/orkla.ro\/b2b\/wp-content\/uploads\/2024\/05\/CREDI-Butterino-600x600.jpg 600w, https:\/\/orkla.ro\/b2b\/wp-content\/uploads\/2024\/05\/CREDI-Butterino-200x200.jpg 200w, https:\/\/orkla.ro\/b2b\/wp-content\/uploads\/2024\/05\/CREDI-Butterino.jpg 1029w\" sizes=\"auto, (max-width: 300px) 100vw, 300px\" \/><div class=\"eltdf-pl-text\"><div class=\"eltdf-pl-text-outer\"><div class=\"eltdf-pl-text-inner\"><a href=\"?add-to-cart=352210\" aria-describedby=\"woocommerce_loop_add_to_cart_link_describedby_352210\" data-quantity=\"1\" class=\"button product_type_simple add_to_cart_button ajax_add_to_cart\" data-product_id=\"352210\" data-product_sku=\"\" aria-label=\"Adaug\u0103 \u00een co\u0219: &amp;lbquo;Credi\u00ae Softcake Butterino&rdquo;\" rel=\"nofollow\" data-success_message=\"&bdquo;Credi\u00ae Softcake Butterino&rdquo; a fost ad\u0103ugat \u00een co\u0219\">Mai Multe informa\u021bii<\/a>\t<span id=\"woocommerce_loop_add_to_cart_link_describedby_352210\" class=\"screen-reader-text\">\n\t\t\t<\/span>\n<\/div><\/div><\/div><\/div><a href=\"https:\/\/orkla.ro\/b2b\/index.php\/product\/credi-softcake-butterino\/\" class=\"woocommerce-LoopProduct-link woocommerce-loop-product__link\"><\/a><\/div><div class=\"eltdf-pl-text-wrapper\"><h4 class=\"eltdf-product-list-title\"><a href=\"https:\/\/orkla.ro\/b2b\/index.php\/product\/credi-softcake-butterino\/\">Credi\u00ae Softcake Butterino<\/a><\/h4>\n\t<span class=\"price\"><span class=\"woocommerce-Price-amount amount\"><bdi><span class=\"woocommerce-Price-currencySymbol\">&#36;<\/span>0.00<\/bdi><\/span><\/span>\n<\/div><\/li>\n<\/ul>\n<\/div><\/div><\/div><\/div><div class=\"wpb_column vc_column_container vc_col-sm-3 vc_hidden-sm vc_hidden-xs\"><div class=\"vc_column-inner\"><div class=\"wpb_wrapper\"><div class=\"woocommerce \"><ul class=\"products columns-4\">\n<li class=\"product type-product post-352175 status-publish first instock product_cat-custard has-post-thumbnail shipping-taxable purchasable product-type-simple\">\n\t<div class=\"eltdf-pl-inner\"><div class=\"eltdf-pl-image\"><img loading=\"lazy\" decoding=\"async\" width=\"300\" height=\"300\" src=\"https:\/\/orkla.ro\/b2b\/wp-content\/uploads\/2024\/05\/CREDI-Crem-Vanilla-300x300.jpg\" class=\"attachment-woocommerce_thumbnail size-woocommerce_thumbnail\" alt=\"Credi \u00ae Crem Vanilla\" srcset=\"https:\/\/orkla.ro\/b2b\/wp-content\/uploads\/2024\/05\/CREDI-Crem-Vanilla-300x300.jpg 300w, https:\/\/orkla.ro\/b2b\/wp-content\/uploads\/2024\/05\/CREDI-Crem-Vanilla-1024x1024.jpg 1024w, https:\/\/orkla.ro\/b2b\/wp-content\/uploads\/2024\/05\/CREDI-Crem-Vanilla-150x150.jpg 150w, https:\/\/orkla.ro\/b2b\/wp-content\/uploads\/2024\/05\/CREDI-Crem-Vanilla-768x768.jpg 768w, https:\/\/orkla.ro\/b2b\/wp-content\/uploads\/2024\/05\/CREDI-Crem-Vanilla-12x12.jpg 12w, https:\/\/orkla.ro\/b2b\/wp-content\/uploads\/2024\/05\/CREDI-Crem-Vanilla-550x550.jpg 550w, https:\/\/orkla.ro\/b2b\/wp-content\/uploads\/2024\/05\/CREDI-Crem-Vanilla-600x600.jpg 600w, https:\/\/orkla.ro\/b2b\/wp-content\/uploads\/2024\/05\/CREDI-Crem-Vanilla-200x200.jpg 200w, https:\/\/orkla.ro\/b2b\/wp-content\/uploads\/2024\/05\/CREDI-Crem-Vanilla.jpg 1200w\" sizes=\"auto, (max-width: 300px) 100vw, 300px\" \/><div class=\"eltdf-pl-text\"><div class=\"eltdf-pl-text-outer\"><div class=\"eltdf-pl-text-inner\"><a href=\"?add-to-cart=352175\" aria-describedby=\"woocommerce_loop_add_to_cart_link_describedby_352175\" data-quantity=\"1\" class=\"button product_type_simple add_to_cart_button ajax_add_to_cart\" data-product_id=\"352175\" data-product_sku=\"\" aria-label=\"Adaug\u0103 \u00een co\u0219: &amp;lbquo;Credi \u00ae Crem Vanilla&rdquo;\" rel=\"nofollow\" data-success_message=\"&bdquo;Credi \u00ae Crem Vanilla&rdquo; a fost ad\u0103ugat \u00een co\u0219\">Mai Multe informa\u021bii<\/a>\t<span id=\"woocommerce_loop_add_to_cart_link_describedby_352175\" class=\"screen-reader-text\">\n\t\t\t<\/span>\n<\/div><\/div><\/div><\/div><a href=\"https:\/\/orkla.ro\/b2b\/index.php\/product\/credi-crem-vanilla\/\" class=\"woocommerce-LoopProduct-link woocommerce-loop-product__link\"><\/a><\/div><div class=\"eltdf-pl-text-wrapper\"><h4 class=\"eltdf-product-list-title\"><a href=\"https:\/\/orkla.ro\/b2b\/index.php\/product\/credi-crem-vanilla\/\">Credi \u00ae Crem Vanilla<\/a><\/h4>\n\t<span class=\"price\"><span class=\"woocommerce-Price-amount amount\"><bdi><span class=\"woocommerce-Price-currencySymbol\">&#36;<\/span>0.00<\/bdi><\/span><\/span>\n<\/div><\/li>\n<\/ul>\n<\/div><\/div><\/div><\/div><div class=\"wpb_column vc_column_container vc_col-sm-3 vc_hidden-sm vc_hidden-xs\"><div class=\"vc_column-inner\"><div class=\"wpb_wrapper\"><\/div><\/div><\/div><div class=\"wpb_column vc_column_container vc_col-sm-3 vc_hidden-sm vc_hidden-xs\"><div class=\"vc_column-inner\"><div class=\"wpb_wrapper\"><\/div><\/div><\/div><\/div><\/div><div id=\"image-mobile\" class=\"vc_row wpb_row vc_row-fluid vc_custom_1713717305308 eltdf-row-type-row\" style=\"\"><div class=\"wpb_column vc_column_container vc_col-sm-12 vc_hidden-lg vc_hidden-md\"><div class=\"vc_column-inner vc_custom_1713380711047\"><div class=\"wpb_wrapper\">\n\t<div  class=\"wpb_single_image wpb_content_element vc_align_center   classwidth\">\n\t\t\n\t\t<figure class=\"wpb_wrapper vc_figure\">\n\t\t\t<div class=\"vc_single_image-wrapper   vc_box_border_grey\"><img loading=\"lazy\" decoding=\"async\" width=\"1183\" height=\"2560\" src=\"https:\/\/orkla.ro\/b2b\/wp-content\/uploads\/2024\/05\/header-reteta-mobile-15-scaled.jpg\" class=\"vc_single_image-img attachment-full\" alt=\"\" srcset=\"https:\/\/orkla.ro\/b2b\/wp-content\/uploads\/2024\/05\/header-reteta-mobile-15-scaled.jpg 1183w, https:\/\/orkla.ro\/b2b\/wp-content\/uploads\/2024\/05\/header-reteta-mobile-15-139x300.jpg 139w, https:\/\/orkla.ro\/b2b\/wp-content\/uploads\/2024\/05\/header-reteta-mobile-15-473x1024.jpg 473w, https:\/\/orkla.ro\/b2b\/wp-content\/uploads\/2024\/05\/header-reteta-mobile-15-768x1662.jpg 768w, https:\/\/orkla.ro\/b2b\/wp-content\/uploads\/2024\/05\/header-reteta-mobile-15-710x1536.jpg 710w, https:\/\/orkla.ro\/b2b\/wp-content\/uploads\/2024\/05\/header-reteta-mobile-15-947x2048.jpg 947w, https:\/\/orkla.ro\/b2b\/wp-content\/uploads\/2024\/05\/header-reteta-mobile-15-6x12.jpg 6w, https:\/\/orkla.ro\/b2b\/wp-content\/uploads\/2024\/05\/header-reteta-mobile-15-600x1298.jpg 600w\" sizes=\"auto, (max-width: 1183px) 100vw, 1183px\" \/><\/div>\n\t\t<\/figure>\n\t<\/div>\n\n\t<div  class=\"wpb_single_image wpb_content_element vc_align_center  vc_custom_1715615809649\">\n\t\t\n\t\t<figure class=\"wpb_wrapper vc_figure\">\n\t\t\t<div class=\"vc_single_image-wrapper   vc_box_border_grey\"><img loading=\"lazy\" decoding=\"async\" width=\"1002\" height=\"200\" src=\"https:\/\/orkla.ro\/b2b\/wp-content\/uploads\/2024\/05\/pasi-22.png\" class=\"vc_single_image-img attachment-full\" alt=\"\" srcset=\"https:\/\/orkla.ro\/b2b\/wp-content\/uploads\/2024\/05\/pasi-22.png 1002w, https:\/\/orkla.ro\/b2b\/wp-content\/uploads\/2024\/05\/pasi-22-300x60.png 300w, https:\/\/orkla.ro\/b2b\/wp-content\/uploads\/2024\/05\/pasi-22-768x153.png 768w, https:\/\/orkla.ro\/b2b\/wp-content\/uploads\/2024\/05\/pasi-22-18x4.png 18w, https:\/\/orkla.ro\/b2b\/wp-content\/uploads\/2024\/05\/pasi-22-600x120.png 600w\" sizes=\"auto, (max-width: 1002px) 100vw, 1002px\" \/><\/div>\n\t\t<\/figure>\n\t<\/div>\n<\/div><\/div><\/div><\/div><div class=\"eltdf-row-grid-section\"><div class=\"vc_row wpb_row vc_row-fluid vc_custom_1715509540678 vc_row-has-fill eltdf-row-type-row\" style=\"\"><div class=\"wpb_column vc_column_container vc_col-sm-6 vc_hidden-lg vc_hidden-md\"><div class=\"vc_column-inner vc_custom_1715509559409\"><div class=\"wpb_wrapper\"><div  class=\"vc_wp_text wpb_content_element\"><div class=\"widget widget_text\">\t\t\t<div class=\"textwidget\"><\/p>\n<h2>Preparare compozi\u021bie<\/h2>\n<p><strong>Credi<sup><sup class=\"regtm\">\u00ae<\/sup><\/sup>Softcake Butterino<\/strong> 1000 g<br \/>\n<strong>Ulei floarea soarelui<\/strong> 300 g<br \/>\n<strong>Ou\u0103 (la temp. camerei)<\/strong> 360 g<br \/>\n<strong>Ap\u0103<\/strong> 360 g<br \/>\n____________________________<br \/>\n<strong>Total<\/strong> 2020 g<\/p>\n<p>\u2022 Se amestec\u0103 cu paleta mixerului toate ingredientele 2-3 min. la vitez\u0103 mic\u0103, p\u00e2n\u0103 se ob\u021bine o compozi\u021bie omogen\u0103.<br \/>\n\u2022 Se toarn\u0103 compozi\u021bia \u00een forme de h\u00e2rtie speciale<br \/>\n(aprox. 40 g\/ form\u0103).<br \/>\n\u2022 Coacere: 170\u00b0C\/ 13-16 min.<\/p>\n<\/div>\n\t\t<\/div><\/div><\/div><\/div><\/div><div class=\"wpb_column vc_column_container vc_col-sm-6 vc_hidden-lg vc_hidden-md\"><div class=\"vc_column-inner vc_custom_1715509569859\"><div class=\"wpb_wrapper\"><div  class=\"vc_wp_text wpb_content_element\"><div class=\"widget widget_text\">\t\t\t<div class=\"textwidget\"><\/p>\n<h2>Preparare mousse-uri<\/h2>\n<p><strong>Credi<sup><sup class=\"regtm\">\u00ae<\/sup><\/sup>Crem Vanilie<\/strong> 60 g<br \/>\n<strong>Fri\u0219c\u0103<\/strong> 100 g<br \/>\n____________________________<br \/>\n<strong>Total<\/strong> 160 g<\/p>\n<p>\u2022 Se \u00eenc\u0103lze\u0219te laptele p\u00e2n\u0103 la 85\u00b0C. Se ia de pe foc \u0219i se adaug\u0103 g\u0103lbenu\u0219urile spumate anterior cu zah\u0103rul. Se omogenizeaz\u0103, apoi se adaug\u0103 \u0219igelatina hidratat\u0103 \u00een prealabil cu ap\u0103 rece.Cantitatea rezultat\u0103 se \u00eemparte \u00een dou\u0103 p\u0103r\u021bi de 315 g.<br \/>\n\u2022 O parte se omogenizeaz\u0103 cu 255 g crem\u0103 cu fisticCremento Pistachio \u0219i 255 g fri\u0219c\u0103 semispumat\u0103.<br \/>\n\u2022 A doua jum\u0103tate se omogenizeaz\u0103 cu 255 g ciocolat\u0103alb\u0103 \u0219i 255 g fri\u0219c\u0103 semispumat\u0103.<\/p>\n<\/div>\n\t\t<\/div><\/div><\/div><\/div><\/div><\/div><\/div><div id=\"produse-mobile\" class=\"vc_row wpb_row vc_row-fluid vc_custom_1715096675430 vc_row-has-fill eltdf-row-type-row\" style=\"\"><div class=\"wpb_column vc_column_container vc_col-sm-3 vc_hidden-lg vc_hidden-md\"><div class=\"vc_column-inner\"><div class=\"wpb_wrapper\"><div class=\"woocommerce \"><ul class=\"products columns-4\">\n<li class=\"product type-product post-352210 status-publish first instock product_cat-amestecuri-si-amelioratori-pentru-prajituri has-post-thumbnail shipping-taxable purchasable product-type-simple\">\n\t<div class=\"eltdf-pl-inner\"><div class=\"eltdf-pl-image\"><img loading=\"lazy\" decoding=\"async\" width=\"300\" height=\"300\" src=\"https:\/\/orkla.ro\/b2b\/wp-content\/uploads\/2024\/05\/CREDI-Butterino-300x300.jpg\" class=\"attachment-woocommerce_thumbnail size-woocommerce_thumbnail\" alt=\"Credi\u00ae Softcake Butterino\" srcset=\"https:\/\/orkla.ro\/b2b\/wp-content\/uploads\/2024\/05\/CREDI-Butterino-300x300.jpg 300w, https:\/\/orkla.ro\/b2b\/wp-content\/uploads\/2024\/05\/CREDI-Butterino-1024x1024.jpg 1024w, https:\/\/orkla.ro\/b2b\/wp-content\/uploads\/2024\/05\/CREDI-Butterino-150x150.jpg 150w, https:\/\/orkla.ro\/b2b\/wp-content\/uploads\/2024\/05\/CREDI-Butterino-768x768.jpg 768w, https:\/\/orkla.ro\/b2b\/wp-content\/uploads\/2024\/05\/CREDI-Butterino-12x12.jpg 12w, https:\/\/orkla.ro\/b2b\/wp-content\/uploads\/2024\/05\/CREDI-Butterino-550x550.jpg 550w, https:\/\/orkla.ro\/b2b\/wp-content\/uploads\/2024\/05\/CREDI-Butterino-600x600.jpg 600w, https:\/\/orkla.ro\/b2b\/wp-content\/uploads\/2024\/05\/CREDI-Butterino-200x200.jpg 200w, https:\/\/orkla.ro\/b2b\/wp-content\/uploads\/2024\/05\/CREDI-Butterino.jpg 1029w\" sizes=\"auto, (max-width: 300px) 100vw, 300px\" \/><div class=\"eltdf-pl-text\"><div class=\"eltdf-pl-text-outer\"><div class=\"eltdf-pl-text-inner\"><a href=\"?add-to-cart=352210\" aria-describedby=\"woocommerce_loop_add_to_cart_link_describedby_352210\" data-quantity=\"1\" class=\"button product_type_simple add_to_cart_button ajax_add_to_cart\" data-product_id=\"352210\" data-product_sku=\"\" aria-label=\"Adaug\u0103 \u00een co\u0219: &amp;lbquo;Credi\u00ae Softcake Butterino&rdquo;\" rel=\"nofollow\" data-success_message=\"&bdquo;Credi\u00ae Softcake Butterino&rdquo; a fost ad\u0103ugat \u00een co\u0219\">Mai Multe informa\u021bii<\/a>\t<span id=\"woocommerce_loop_add_to_cart_link_describedby_352210\" class=\"screen-reader-text\">\n\t\t\t<\/span>\n<\/div><\/div><\/div><\/div><a href=\"https:\/\/orkla.ro\/b2b\/index.php\/product\/credi-softcake-butterino\/\" class=\"woocommerce-LoopProduct-link woocommerce-loop-product__link\"><\/a><\/div><div class=\"eltdf-pl-text-wrapper\"><h4 class=\"eltdf-product-list-title\"><a href=\"https:\/\/orkla.ro\/b2b\/index.php\/product\/credi-softcake-butterino\/\">Credi\u00ae Softcake Butterino<\/a><\/h4>\n\t<span class=\"price\"><span class=\"woocommerce-Price-amount amount\"><bdi><span class=\"woocommerce-Price-currencySymbol\">&#36;<\/span>0.00<\/bdi><\/span><\/span>\n<\/div><\/li>\n<\/ul>\n<\/div><\/div><\/div><\/div><div class=\"wpb_column vc_column_container vc_col-sm-3 vc_hidden-lg vc_hidden-md\"><div class=\"vc_column-inner\"><div class=\"wpb_wrapper\"><div class=\"woocommerce \"><ul class=\"products columns-4\">\n<li class=\"product type-product post-352175 status-publish first instock product_cat-custard has-post-thumbnail shipping-taxable purchasable product-type-simple\">\n\t<div class=\"eltdf-pl-inner\"><div class=\"eltdf-pl-image\"><img loading=\"lazy\" decoding=\"async\" width=\"300\" height=\"300\" src=\"https:\/\/orkla.ro\/b2b\/wp-content\/uploads\/2024\/05\/CREDI-Crem-Vanilla-300x300.jpg\" class=\"attachment-woocommerce_thumbnail size-woocommerce_thumbnail\" alt=\"Credi \u00ae Crem Vanilla\" srcset=\"https:\/\/orkla.ro\/b2b\/wp-content\/uploads\/2024\/05\/CREDI-Crem-Vanilla-300x300.jpg 300w, https:\/\/orkla.ro\/b2b\/wp-content\/uploads\/2024\/05\/CREDI-Crem-Vanilla-1024x1024.jpg 1024w, https:\/\/orkla.ro\/b2b\/wp-content\/uploads\/2024\/05\/CREDI-Crem-Vanilla-150x150.jpg 150w, https:\/\/orkla.ro\/b2b\/wp-content\/uploads\/2024\/05\/CREDI-Crem-Vanilla-768x768.jpg 768w, https:\/\/orkla.ro\/b2b\/wp-content\/uploads\/2024\/05\/CREDI-Crem-Vanilla-12x12.jpg 12w, https:\/\/orkla.ro\/b2b\/wp-content\/uploads\/2024\/05\/CREDI-Crem-Vanilla-550x550.jpg 550w, https:\/\/orkla.ro\/b2b\/wp-content\/uploads\/2024\/05\/CREDI-Crem-Vanilla-600x600.jpg 600w, https:\/\/orkla.ro\/b2b\/wp-content\/uploads\/2024\/05\/CREDI-Crem-Vanilla-200x200.jpg 200w, https:\/\/orkla.ro\/b2b\/wp-content\/uploads\/2024\/05\/CREDI-Crem-Vanilla.jpg 1200w\" sizes=\"auto, (max-width: 300px) 100vw, 300px\" \/><div class=\"eltdf-pl-text\"><div class=\"eltdf-pl-text-outer\"><div class=\"eltdf-pl-text-inner\"><a href=\"?add-to-cart=352175\" aria-describedby=\"woocommerce_loop_add_to_cart_link_describedby_352175\" data-quantity=\"1\" class=\"button product_type_simple add_to_cart_button ajax_add_to_cart\" data-product_id=\"352175\" data-product_sku=\"\" aria-label=\"Adaug\u0103 \u00een co\u0219: &amp;lbquo;Credi \u00ae Crem Vanilla&rdquo;\" rel=\"nofollow\" data-success_message=\"&bdquo;Credi \u00ae Crem Vanilla&rdquo; a fost ad\u0103ugat \u00een co\u0219\">Mai Multe informa\u021bii<\/a>\t<span id=\"woocommerce_loop_add_to_cart_link_describedby_352175\" class=\"screen-reader-text\">\n\t\t\t<\/span>\n<\/div><\/div><\/div><\/div><a href=\"https:\/\/orkla.ro\/b2b\/index.php\/product\/credi-crem-vanilla\/\" class=\"woocommerce-LoopProduct-link woocommerce-loop-product__link\"><\/a><\/div><div class=\"eltdf-pl-text-wrapper\"><h4 class=\"eltdf-product-list-title\"><a href=\"https:\/\/orkla.ro\/b2b\/index.php\/product\/credi-crem-vanilla\/\">Credi \u00ae Crem Vanilla<\/a><\/h4>\n\t<span class=\"price\"><span class=\"woocommerce-Price-amount amount\"><bdi><span class=\"woocommerce-Price-currencySymbol\">&#36;<\/span>0.00<\/bdi><\/span><\/span>\n<\/div><\/li>\n<\/ul>\n<\/div><\/div><\/div><\/div><div class=\"wpb_column vc_column_container vc_col-sm-3 vc_hidden-lg vc_hidden-md\"><div class=\"vc_column-inner\"><div class=\"wpb_wrapper\"><\/div><\/div><\/div><div class=\"wpb_column vc_column_container vc_col-sm-3 vc_hidden-lg vc_hidden-md\"><div class=\"vc_column-inner\"><div class=\"wpb_wrapper\"><\/div><\/div><\/div><\/div>\n","protected":false},"excerpt":{"rendered":"Preparare compozi\u021bie Credi\u00aeSoftcake Butterino 1000 g Ulei floarea soarelui 300 g Ou\u0103 (la temp. camerei) 360 g Ap\u0103 360 g ____________________________ Total 2020 g \u2022 Se amestec\u0103 cu paleta mixerului toate ingredientele 2-3 min. la vitez\u0103 mic\u0103, p\u00e2n\u0103 se ob\u021bine o compozi\u021bie omogen\u0103. \u2022 Se toarn\u0103 compozi\u021bia \u00een forme de h\u00e2rtie speciale (aprox. 40 g\/ form\u0103). \u2022 Coacere: 170\u00b0C\/ 13-16 min. Preparare mousse-uri Credi\u00aeCrem Vanilie 60 g Fri\u0219c\u0103 100 g ____________________________ Total 160 g \u2022 Se \u00eenc\u0103lze\u0219te laptele p\u00e2n\u0103 la 85\u00b0C. Se ia de pe foc \u0219i se adaug\u0103 g\u0103lbenu\u0219urile spumate anterior cu zah\u0103rul. Se omogenizeaz\u0103, apoi se adaug\u0103 \u0219igelatina hidratat\u0103 \u00een prealabil cu ap\u0103 rece.Cantitatea rezultat\u0103 se \u00eemparte \u00een dou\u0103 p\u0103r\u021bi de 315 g. \u2022 O parte se omogenizeaz\u0103 cu 255 g crem\u0103 cu fisticCremento Pistachio \u0219i 255 g fri\u0219c\u0103 semispumat\u0103. \u2022 A doua jum\u0103tate se omogenizeaz\u0103 cu 255 g ciocolat\u0103alb\u0103 \u0219i 255 g fri\u0219c\u0103 semispumat\u0103. Mai Multe informa\u021bii [...]","protected":false},"author":1,"featured_media":351746,"parent":351601,"menu_order":0,"comment_status":"closed","ping_status":"closed","template":"full-width.php","meta":{"_acf_changed":false,"footnotes":""},"categories":[124],"tags":[],"class_list":["post-351739","page","type-page","status-publish","has-post-thumbnail","hentry","category-catalog-retete-candy-bar"],"acf":[],"_links":{"self":[{"href":"https:\/\/orkla.ro\/b2b\/index.php\/wp-json\/wp\/v2\/pages\/351739","targetHints":{"allow":["GET"]}}],"collection":[{"href":"https:\/\/orkla.ro\/b2b\/index.php\/wp-json\/wp\/v2\/pages"}],"about":[{"href":"https:\/\/orkla.ro\/b2b\/index.php\/wp-json\/wp\/v2\/types\/page"}],"author":[{"embeddable":true,"href":"https:\/\/orkla.ro\/b2b\/index.php\/wp-json\/wp\/v2\/users\/1"}],"replies":[{"embeddable":true,"href":"https:\/\/orkla.ro\/b2b\/index.php\/wp-json\/wp\/v2\/comments?post=351739"}],"version-history":[{"count":5,"href":"https:\/\/orkla.ro\/b2b\/index.php\/wp-json\/wp\/v2\/pages\/351739\/revisions"}],"predecessor-version":[{"id":352385,"href":"https:\/\/orkla.ro\/b2b\/index.php\/wp-json\/wp\/v2\/pages\/351739\/revisions\/352385"}],"up":[{"embeddable":true,"href":"https:\/\/orkla.ro\/b2b\/index.php\/wp-json\/wp\/v2\/pages\/351601"}],"wp:featuredmedia":[{"embeddable":true,"href":"https:\/\/orkla.ro\/b2b\/index.php\/wp-json\/wp\/v2\/media\/351746"}],"wp:attachment":[{"href":"https:\/\/orkla.ro\/b2b\/index.php\/wp-json\/wp\/v2\/media?parent=351739"}],"wp:term":[{"taxonomy":"category","embeddable":true,"href":"https:\/\/orkla.ro\/b2b\/index.php\/wp-json\/wp\/v2\/categories?post=351739"},{"taxonomy":"post_tag","embeddable":true,"href":"https:\/\/orkla.ro\/b2b\/index.php\/wp-json\/wp\/v2\/tags?post=351739"}],"curies":[{"name":"wp","href":"https:\/\/api.w.org\/{rel}","templated":true}]}}